{"id":13655,"date":"2021-11-09T15:50:18","date_gmt":"2021-11-09T15:50:18","guid":{"rendered":"https:\/\/shop.fatumnyiregyhaza.hu\/?page_id=13655"},"modified":"2021-11-09T15:50:19","modified_gmt":"2021-11-09T15:50:19","slug":"vasarlasi-feltetelek","status":"publish","type":"page","link":"https:\/\/shop.fatumnyiregyhaza.hu\/?page_id=13655","title":{"rendered":"V\u00e1s\u00e1rl\u00e1si felt\u00e9telek"},"content":{"rendered":"\n<p>I. \u00c1LTAL\u00c1NOS RENDELKEZ\u00c9SEK<\/p>\n\n\n\n<p>Jelen adatkezel\u00e9si szab\u00e1lyzat (tov\u00e1bbiakban: a &#8220;Szab\u00e1lyzat&#8221;) c\u00e9lja, hogy teljes k\u00f6r\u0171en szab\u00e1lyozza, r\u00f6gz\u00edtse, hogy Lesk\u00f3 Andr\u00e1s L\u00e1szl\u00f3 E.V. valamennyi adatkezel\u00e9se sor\u00e1n az Eur\u00f3pai Uni\u00f3 k\u00f6zvetlen\u00fcl hat\u00e1lyos jogszab\u00e1lyai, \u00e9s a magyar adatv\u00e9delmi jogszab\u00e1lyok, \u00edgy k\u00fcl\u00f6n\u00f6sen az inform\u00e1ci\u00f3s \u00f6nrendelkez\u00e9si jogr\u00f3l \u00e9s az inform\u00e1ci\u00f3s szabads\u00e1gr\u00f3l sz\u00f3l\u00f3 2011. \u00e9vi CXII. t\u00f6rv\u00e9ny (a tov\u00e1bbiakban: Itv.) rendelkez\u00e9sei szerint j\u00e1r el. A Adatkezel\u0151 a web\u00e1ruh\u00e1z felhaszn\u00e1l\u00f3it\u00f3l elektronikus \u00faton kapott, megszerzett szem\u00e9lyes adatokat bizalmasan kezeli \u00e9s a biztons\u00e1gos adatkezel\u00e9st el\u0151seg\u00edt\u0151 minden sz\u00fcks\u00e9ges int\u00e9zked\u00e9st megtesz.<\/p>\n\n\n\n<p>A Szab\u00e1lyzat mindenkor hat\u00e1lyos v\u00e1ltozata a web\u00e1ruh\u00e1z fel\u00fclet\u00e9n mindenki sz\u00e1m\u00e1ra el\u00e9rhet\u0151. A Adatkezel\u0151 fenntartja mag\u00e1nak a jogot a Szab\u00e1lyzat egyoldal\u00fa m\u00f3dos\u00edt\u00e1s\u00e1ra, illet\u0151leg az Eur\u00f3pai Uni\u00f3 vagy a magyarorsz\u00e1gi jogszab\u00e1lyok v\u00e1ltoz\u00e1sainak megfelel\u0151 m\u00f3dos\u00edt\u00e1s\u00e1ra.<\/p>\n\n\n\n<p>A Nemzeti Adatv\u00e9delmi \u00e9s Inform\u00e1ci\u00f3szabads\u00e1g Hat\u00f3s\u00e1g az inform\u00e1ci\u00f3s \u00f6nrendelkez\u00e9si jogr\u00f3l \u00e9s az inform\u00e1ci\u00f3szabads\u00e1gr\u00f3l sz\u00f3l\u00f3 2011. \u00e9vi CXII. t\u00f6rv\u00e9ny (Infotv.) 68. \u00a7 (6) bekezd\u00e9se alapj\u00e1n az al\u00e1bbi adatokkal \u00e9s a NAIH-52596\/2012. adatkezel\u00e9si nyilv\u00e1ntart\u00e1si sz\u00e1mon nyilv\u00e1ntart\u00e1sba vette.<\/p>\n\n\n\n<p><a><\/a>II. \u00c9RTELMEZ\u0150 RENDELKEZ\u00c9SEK<\/p>\n\n\n\n<p>\u00c9rintett: b\u00e1rmely meghat\u00e1rozott, szem\u00e9lyes adat alapj\u00e1n azonos\u00edtott vagy -k\u00f6zvetlen\u00fcl vagy k\u00f6zvetve &#8211; azonos\u00edthat\u00f3 term\u00e9szetes szem\u00e9ly;<br>Szem\u00e9lyes adat: az \u00e9rintettel kapcsolatba hozhat\u00f3 adat &#8211; k\u00fcl\u00f6n\u00f6sen az \u00e9rintett neve, azonos\u00edt\u00f3 jele, valamint egy vagy t\u00f6bb fizikai, fiziol\u00f3giai, ment\u00e1lis, gazdas\u00e1gi, kultur\u00e1lis vagy szoci\u00e1lis azonoss\u00e1g\u00e1ra jellemz\u0151 ismeret -, valamint az adatb\u00f3l levonhat\u00f3, az \u00e9rintettre vonatkoz\u00f3 k\u00f6vetkeztet\u00e9s;<br>Hozz\u00e1j\u00e1rul\u00e1s: az \u00e9rintett akarat\u00e1nak \u00f6nk\u00e9ntes \u00e9s hat\u00e1rozott kinyilv\u00e1n\u00edt\u00e1sa, amely megfelel\u0151 t\u00e1j\u00e9koztat\u00e1son alapul, \u00e9s amellyel f\u00e9lre\u00e9rthetetlen beleegyez\u00e9s\u00e9t adja a r\u00e1 vonatkoz\u00f3 szem\u00e9lyes adatok &#8211; teljes k\u00f6r\u0171 vagy egyes m\u0171veletekre kiterjed\u0151 &#8211; kezel\u00e9s\u00e9hez;<\/p>\n\n\n\n<p>Tiltakoz\u00e1s: az \u00e9rintett nyilatkozata, amellyel szem\u00e9lyes adatainak kezel\u00e9s\u00e9t kifog\u00e1solja, \u00e9s az adatkezel\u00e9s megsz\u00fcntet\u00e9s\u00e9t, illetve a kezelt adatok t\u00f6rl\u00e9s\u00e9t k\u00e9ri;<br>adatkezel\u0151: az a term\u00e9szetes vagy jogi szem\u00e9ly, illetve jogi szem\u00e9lyis\u00e9ggel rendelkez\u0151 Adatkezel\u0151, aki vagy amely \u00f6n\u00e1ll\u00f3an vagy m\u00e1sokkal egy\u00fctt az adatok kezel\u00e9s\u00e9nek c\u00e9lj\u00e1t meghat\u00e1rozza, az adatkezel\u00e9sre (bele\u00e9rtve a felhaszn\u00e1lt eszk\u00f6zt) vonatkoz\u00f3 d\u00f6nt\u00e9seket meghozza \u00e9s v\u00e9grehajtja, vagy az \u00e1ltala megb\u00edzott adatfeldolgoz\u00f3val v\u00e9grehajtatja;<br>adatkezel\u00e9s: az alkalmazott elj\u00e1r\u00e1st\u00f3l f\u00fcggetlen\u00fcl az adatokon v\u00e9gzett b\u00e1rmely m\u0171velet vagy m\u0171veletek \u00f6sszess\u00e9ge, \u00edgy k\u00fcl\u00f6n\u00f6sen gy\u0171jt\u00e9se, felv\u00e9tele, r\u00f6gz\u00edt\u00e9se, rendszerez\u00e9se, t\u00e1rol\u00e1sa, megv\u00e1ltoztat\u00e1sa, felhaszn\u00e1l\u00e1sa, lek\u00e9rdez\u00e9se, tov\u00e1bb\u00edt\u00e1sa, nyilv\u00e1noss\u00e1gra hozatala, \u00f6sszehangol\u00e1sa vagy \u00f6sszekapcsol\u00e1sa, z\u00e1rol\u00e1sa, t\u00f6rl\u00e9se \u00e9s megsemmis\u00edt\u00e9se, valamint az adatok tov\u00e1bbi felhaszn\u00e1l\u00e1s\u00e1nak megakad\u00e1lyoz\u00e1sa, f\u00e9nyk\u00e9p-, hang- vagy k\u00e9pfelv\u00e9tel k\u00e9sz\u00edt\u00e9se, valamint a szem\u00e9ly azonos\u00edt\u00e1s\u00e1ra alkalmas fizikai jellemz\u0151k r\u00f6gz\u00edt\u00e9se.<br>A fentiek alapj\u00e1n azok a term\u00e9szetes szem\u00e9lyek, akik a Adatkezel\u0151 \u00e1ltal \u00fczemeltetett web\u00e1ruh\u00e1z fel\u00fclet\u00e9n szem\u00e9lyes adataikat megadj\u00e1k az Itv. rendelkez\u00e9seire figyelemmel \u00e9rintettnek min\u0151s\u00fclnek.<\/p>\n\n\n\n<p><a><\/a>III. ADATKEZEL\u0150 MEGNEVEZ\u00c9SE<\/p>\n\n\n\n<p><strong>Az adatkezel\u0151<br>N\u00e9v: Fazekas Csaba<br>C\u00edm: <\/strong><strong>4400 Ny\u00edregyh\u00e1za, J\u00f3sa Andr\u00e1s u. 5\/B<\/strong><strong><br>Kapcsolattart\u00f3: Fazekas Csaba<br>E-mail c\u00edm: <\/strong><strong>fazekas.csaba@nyiregyhazisc.hu<\/strong><strong><br>Telefon: <\/strong><strong>0630\/947-7120<\/strong><strong><\/strong><\/p>\n\n\n\n<p><strong>Weboldal: http:\/\/www.shop.fatumnyiregyhaza.hu<\/strong><\/p>\n\n\n\n<p><a><\/a>IV. ADATKEZEL\u00c9S C\u00c9LJA \u00c9S KERETEI<\/p>\n\n\n\n<p>Szem\u00e9lyes adatot az adatkezel\u0151 az \u00e9rintett hozz\u00e1j\u00e1rul\u00e1sa alapj\u00e1n kezeli. Az \u00e9rintett az adatkezel\u00e9si nyilatkozat elfogad\u00e1s\u00e1val j\u00e1rul hozz\u00e1 a szem\u00e9lyes adatainak kezel\u00e9s\u00e9hez. Az adatkezel\u0151 a szem\u00e9lyes adatokat csak a jelen szab\u00e1lyzatban meghat\u00e1rozott c\u00e9lb\u00f3l \u00e9s az Itv. keretei k\u00f6z\u00f6tt jogosult kezelni.<\/p>\n\n\n\n<p>A web\u00e1ruh\u00e1z fel\u00fclet\u00e9n megadott szem\u00e9lyes adatok kezel\u00e9s\u00e9nek c\u00e9lja a web\u00e1ruh\u00e1z kereskedelmi tev\u00e9kenys\u00e9g\u00e9nek biztos\u00edt\u00e1sa, vev\u0151kkel t\u00f6rt\u00e9n\u0151 kapcsolattart\u00e1s biztos\u00edt\u00e1sa \u00e9s statisztikai adatok m\u00e9r\u00e9se. A rekl\u00e1m- \u00e9s marketing c\u00e9l\u00fa adatkezel\u00e9st az adatkezel\u0151 kifejezetten felt\u00fcnteti a web\u00e1ruh\u00e1z fel\u00fclet\u00e9n. Amennyiben az \u00e9rintett sz\u00e1nd\u00e9ka, hogy ne szerepeljen a rekl\u00e1m- \u00e9s marketing c\u00e9l\u00fa adatb\u00e1zisban, vagy le szeretne onnan iratkozni, akkor erre az adatkezel\u0151 kifejezetten \u00e9s folyamatosan lehet\u0151s\u00e9get biztos\u00edt web\u00e1ruh\u00e1z\u00e1nak fel\u00fclet\u00e9n vagy ezen sz\u00e1nd\u00e9k\u00e1t az \u00e9rintett az info@snecihorgasz.hu e-mail c\u00edmen jelentheti be az adatkezel\u0151nek.<\/p>\n\n\n\n<p>Szem\u00e9lyes adat csak a c\u00e9l megval\u00f3sul\u00e1s\u00e1hoz sz\u00fcks\u00e9ges m\u00e9rt\u00e9kben \u00e9s ideig kezelhet\u0151, tov\u00e1bb\u00e1 csak olyan adat kezelhet\u0151, amely az adatkezel\u00e9s c\u00e9lj\u00e1nak megval\u00f3sul\u00e1s\u00e1hoz elengedhetetlen \u00e9s a c\u00e9l el\u00e9r\u00e9s\u00e9re alkalmas. A szem\u00e9lyes adatok addig ker\u00fclnek t\u00e1rol\u00e1sra, am\u00edg az \u00e9rintett nem k\u00e9rik azok t\u00f6rl\u00e9s\u00e9t. Az Itv. \u00e9rtelm\u00e9ben t\u00f6rl\u00e9s eset\u00e9n a kor\u00e1bban megadott adatokat a Adatkezel\u0151 k\u00f6teles nyolc napon bel\u00fcl felismerhetetlenn\u00e9 tenni, oly m\u00f3don, hogy helyre\u00e1ll\u00edt\u00e1sukra t\u00f6bb\u00e9 ne legyen m\u00f3d.<\/p>\n\n\n\n<p>K\u00fcl\u00f6nleges adatra vonatkoz\u00f3 adatkezel\u00e9st a Adatkezel\u0151 nem v\u00e9gez. Amennyiben ilyen adatot hoz az \u00e9rintett tudom\u00e1s\u00e1ra, az adat t\u00f6rl\u00e9sre ker\u00fcl.<\/p>\n\n\n\n<p>Adatkezel\u0151 az \u00e9rintett felhaszn\u00e1l\u00f3kr\u00f3l adatb\u00e1zist tart fenn \u00e9s m\u0171k\u00f6dtet, amely adatb\u00e1zisban az \u00e9rintett adatai is kezel\u00e9sre ker\u00fclnek.<\/p>\n\n\n\n<p>A Adatkezel\u0151 a Szab\u00e1lyzatban meghat\u00e1rozott keretek szerint jogosult az \u00e9rintettek r\u00e9sz\u00e9re e-mailen h\u00edrlevel\u00e9nek kik\u00fcld\u00e9s\u00e9re. A Adatkezel\u0151 k\u00f6teles biztos\u00edtani az \u00e9rintettnek, hogy a h\u00edrlev\u00e9l k\u00fcld\u00e9s\u00e9r\u0151l leiratkozzanak.<\/p>\n\n\n\n<p>Amennyiben az \u00e9rintett fut\u00e1rszolg\u00e1lattal ig\u00e9nyli a megrendelt term\u00e9k kisz\u00e1ll\u00edt\u00e1s\u00e1t, akkor az \u00e9rintett a szab\u00e1lyzat elfogad\u00e1s\u00e1val hozz\u00e1j\u00e1rul\u00e1s\u00e1t adja ahhoz, hogy a fut\u00e1rszolg\u00e1lat r\u00e9sz\u00e9re nev\u00e9t \u00e9s c\u00edm\u00e9t a szolg\u00e1ltat\u00e1s teljes\u00edt\u00e9s\u00e9nek \u00e9rdek\u00e9ben \u00e1tadja.<\/p>\n\n\n\n<p>A Adatkezel\u0151 adatb\u00e1zis\u00e1t a kell\u0151 gondoss\u00e1ggal v\u00e9di az illet\u00e9ktelen behatol\u00f3kt\u00f3l \u00e9s gondoskodik arr\u00f3l, hogy a szem\u00e9lyes adatok illet\u00e9ktelenek r\u00e9sz\u00e9re ne legyen hozz\u00e1f\u00e9rhet\u0151. A Adatkezel\u0151 gondoskodik az Itv. 7. \u00a7-ban el\u0151\u00edrt adatbiztons\u00e1gi k\u00f6vetelm\u00e9nyek fenn\u00e1ll\u00e1s\u00e1r\u00f3l. Az \u00e9rintettek k\u00f6telesek a szab\u00e1lyzatban foglaltak betart\u00e1s\u00e1ra \u00e9s a j\u00f3hiszem\u0171 magatart\u00e1s tan\u00fas\u00edt\u00e1s\u00e1ra.<\/p>\n\n\n\n<p><a>A v\u00e1s\u00e1rl\u00e1s, l\u00e1togat\u00e1s sor\u00e1n megadott elektronikus lev\u00e9lc\u00edmekre hirdet\u00e9st vagy rekl\u00e1mot (h\u00edrlev\u00e9l) tartalmaz\u00f3 leveleket a Szolg\u00e1ltat\u00f3 csak a Felhaszn\u00e1l\u00f3 kifejezett hozz\u00e1j\u00e1rul\u00e1s\u00e1val, a jogszab\u00e1lyi el\u0151\u00edr\u00e1soknak megfelel\u0151 esetekben \u00e9s m\u00f3don k\u00fcld. A Felhaszn\u00e1l\u00f3 b\u00e1rmikor leiratkozhat a h\u00edrlev\u00e9lr\u0151l, a h\u00edrlev\u00e9l alj\u00e1n elhelyezett link seg\u00edts\u00e9g\u00e9vel.<\/a><a href=\"#_msocom_1\">[f1]<\/a>&nbsp;<\/p>\n\n\n\n<p>A rendel\u00e9s sor\u00e1n a V\u00e1s\u00e1rl\u00f3nak k\u00f6telez\u0151en meg kell adnia a k\u00f6vetkez\u0151 szem\u00e9lyes adatokat:<\/p>\n\n\n\n<p>&nbsp;&nbsp;&nbsp; N\u00e9v\/c\u00e9gn\u00e9v,<br>&nbsp;&nbsp;&nbsp; E-mail c\u00edm,<br>&nbsp;&nbsp;&nbsp; sz\u00e1ml\u00e1z\u00e1si c\u00edm (sz\u00e1ml\u00e1z\u00e1si n\u00e9v, utcan\u00e9v, h\u00e1zsz\u00e1m, telep\u00fcl\u00e9s, ir\u00e1ny\u00edt\u00f3sz\u00e1m),<br>&nbsp;&nbsp;&nbsp; sz\u00e1ll\u00edt\u00e1si c\u00edm (sz\u00e1ll\u00edt\u00e1si n\u00e9v, utcan\u00e9v, h\u00e1zsz\u00e1m, telep\u00fcl\u00e9s, ir\u00e1ny\u00edt\u00f3sz\u00e1m),<br>&nbsp;&nbsp;&nbsp; telefonsz\u00e1m<\/p>\n\n\n\n<p>Az adatkezel\u00e9sre a <strong>www.shop.fatumnyiregyhaza.hu<\/strong> internetes oldalon (a tov\u00e1bbiakban: Weboldal) tal\u00e1lhat\u00f3 internetes tartalmak felhaszn\u00e1l\u00f3inak \u00f6nk\u00e9ntes, megfelel\u0151 t\u00e1j\u00e9koztat\u00e1son alapul\u00f3 nyilatkozata alapj\u00e1n ker\u00fcl sor, amely nyilatkozat tartalmazza a felhaszn\u00e1l\u00f3k kifejezett hozz\u00e1j\u00e1rul\u00e1s\u00e1t ahhoz, hogy az oldal haszn\u00e1lata sor\u00e1n k\u00f6z\u00f6lt szem\u00e9lyes adataik felhaszn\u00e1l\u00e1sra ker\u00fcljenek.<\/p>\n\n\n\n<p>Az adatkezel\u00e9s jogalapja az inform\u00e1ci\u00f3s \u00f6nrendelkez\u00e9si jogr\u00f3l \u00e9s az inform\u00e1ci\u00f3 szabads\u00e1gr\u00f3l sz\u00f3l\u00f3 2011. \u00e9viCXII. tv. (Infotv.) 5.\u00a7 (1) bek. a) pontja szerint az \u00e9rintett \u00f6nk\u00e9ntes hozz\u00e1j\u00e1rul\u00e1sa. A hozz\u00e1j\u00e1rul\u00e1st Felhaszn\u00e1l\u00f3 az egyes adatkezel\u00e9sek tekintet\u00e9ben a Weboldal haszn\u00e1lat\u00e1val, a regisztr\u00e1ci\u00f3val, illetve a k\u00e9rd\u00e9ses adatok \u00f6nk\u00e9ntes megad\u00e1s\u00e1val adja meg.<\/p>\n\n\n\n<p>Az adatkezel\u00e9s c\u00e9lja a Weboldalon el\u00e9rhet\u0151 szolg\u00e1ltat\u00e1sok ny\u00fajt\u00e1s\u00e1nak biztos\u00edt\u00e1sa. A Szolg\u00e1ltat\u00f3 a felhaszn\u00e1l\u00f3 \u00e1ltal rendelkez\u00e9sre bocs\u00e1tott adatokat c\u00e9lhoz k\u00f6t\u00f6tten, kiz\u00e1r\u00f3lag a megrendel\u00e9s teljes\u00edt\u00e9se \u00e9s az esetlegesen l\u00e9trej\u00f6v\u0151 szerz\u0151d\u00e9s felt\u00e9teleinek k\u00e9s\u0151bbi bizony\u00edt\u00e1sa \u00e9rdek\u00e9ben t\u00e1rolja. Az automatikusan r\u00f6gz\u00edt\u00e9sre ker\u00fcl\u0151 adatok c\u00e9lja statisztika k\u00e9sz\u00edt\u00e9s, az informatikai rendszer technikai fejleszt\u00e9se, a felhaszn\u00e1l\u00f3k jogainak v\u00e9delme. Az adatkezel\u0151 a megadott szem\u00e9lyes adatokat az e pontokban \u00edrt c\u00e9lokt\u00f3l elt\u00e9r\u0151 c\u00e9lokra nem haszn\u00e1lja illetve haszn\u00e1lhatja fel. Szem\u00e9lyes adatok harmadik szem\u00e9lynek vagy hat\u00f3s\u00e1gok sz\u00e1m\u00e1ra t\u00f6rt\u00e9n\u0151 kiad\u00e1sa &#8211; hacsak t\u00f6rv\u00e9ny ett\u0151l elt\u00e9r\u0151en nem rendelkezik k\u00f6telez\u0151 er\u0151vel &#8211; a felhaszn\u00e1l\u00f3 el\u0151zetes, kifejezett hozz\u00e1j\u00e1rul\u00e1sa eset\u00e9n lehets\u00e9ges kiz\u00e1r\u00f3lag. Adatkezel\u0151 a neki megadott szem\u00e9lyes adatokat nem ellen\u0151rzi. A megadott adatok megfelel\u0151ss\u00e9g\u00e9\u00e9rt kiz\u00e1r\u00f3lag az azt megad\u00f3 szem\u00e9ly felel. B\u00e1rmely Felhaszn\u00e1l\u00f3 e-mail c\u00edm\u00e9nek megad\u00e1sakor egyben felel\u0151ss\u00e9get v\u00e1llal az\u00e9rt, hogy a megadott e-mail c\u00edmr\u0151l kiz\u00e1r\u00f3lag \u0151 vesz ig\u00e9nybe szolg\u00e1ltat\u00e1st.<\/p>\n\n\n\n<p><strong>Cookie-k<\/strong><br>Mi az a cookie?<br>Amikor jelen weboldalt megtekinti, lehet, hogy n\u00e9mi inform\u00e1ci\u00f3 az \u00d6n g\u00e9p\u00e9n \u201ecookie\u201d-k form\u00e1j\u00e1ban t\u00e1rol\u00e1sra ker\u00fcl. A cookie-k a weboldal \u00e1ltal k\u00fcld\u00f6tt kism\u00e9ret\u0171 adatok, melyek, ha a b\u00f6ng\u00e9sz\u0151 elfogadja, a mem\u00f3ri\u00e1ban vagy egy kis f\u00e1jlban t\u00e1rol\u00f3dnak. A cookie-k a web technol\u00f3gia alapvet\u0151 elemei, melyek lehet\u0151v\u00e9 teszik, hogy a weboldal eml\u00e9kezzen a felhaszn\u00e1l\u00f3ra, \u00e9s hogy gazdag funkcionalit\u00e1st biztos\u00edtson, \u00e1m vannak adatv\u00e9delmi vonatkoz\u00e1sai, mivel a l\u00e1togat\u00f3k nyomon k\u00f6vet\u00e9s\u00e9t szolg\u00e1lhatj\u00e1k.<\/p>\n\n\n\n<p>A cookie-k a b\u00f6ng\u00e9sz\u0151 \u00e9s a cookie-t elhelyez\u0151 oldal k\u00f6z\u00f6tt m\u0171k\u00f6dnek, \u00edgy k\u00fcls\u0151 harmadik f\u00e9l nem olvashatja a cookie tartalm\u00e1t. Az oldal azonban egy\u00fcttm\u0171k\u00f6dhet cookie szolg\u00e1ltat\u00f3 harmadik f\u00e9llel l\u00e1togat\u00f3k statisztik\u00e1k, vagy m\u00e1s szolg\u00e1ltat\u00e1sok ny\u00fajt\u00e1sa miatt.<\/p>\n\n\n\n<p><strong>Mire haszn\u00e1lja az Adatkezel\u0151 a cookie-kat?<\/strong><br>A weboldalt l\u00e1togat\u00f3k haszn\u00e1lati szok\u00e1sair\u00f3l a b\u00f6ng\u00e9sz\u00e9s sor\u00e1n t\u00f6rt\u00e9n\u0151 inform\u00e1ci\u00f3gy\u0171jt\u00e9sre, hogy a haszn\u00e1lati szok\u00e1sokr\u00f3l n\u00e9vtelen statisztik\u00e1k k\u00e9sz\u00fclhessenek. Ezzel az a c\u00e9lunk, hogy a l\u00e1togat\u00f3k sz\u00e1m\u00e1ra l\u00e9nyeges inform\u00e1ci\u00f3kat c\u00e9lzottabban juttassuk el<\/p>\n\n\n\n<p>A l\u00e1togat\u00f3 azonos\u00edt\u00e1s\u00e1ra, hogy a felhaszn\u00e1l\u00f3 sz\u00e1m\u00e1ra lehet\u0151v\u00e9 tegy\u00fck pl. a bejelentkez\u00e9st \u00e9s a bev\u00e1s\u00e1rl\u00f3 kos\u00e1r haszn\u00e1lat\u00e1t. Az \u00d6n egy\u00e9ni preferenci\u00e1ir\u00f3l sz\u00f3l\u00f3 inform\u00e1ci\u00f3k r\u00f6gz\u00edt\u00e9s\u00e9re amint a weboldalt b\u00f6ng\u00e9szi.<\/p>\n\n\n\n<p><strong>Hogyan akad\u00e1lyozzuk a cookie-k haszn\u00e1lat\u00e1t?<\/strong><br>Ha nem k\u00edv\u00e1nja elfogadni az Adatkezel\u0151 cookie haszn\u00e1lat\u00e1t a weboldalon, \u00e1ll\u00edtsa be a b\u00f6ng\u00e9sz\u0151j\u00e9t \u00fagy, hogy az elutas\u00edtsa a cookie-kat. \u00cdgy azonban nem tudjuk garant\u00e1lni a weboldal sz\u00e1nd\u00e9kunk szerinti m\u0171k\u00f6d\u00e9s\u00e9t.<\/p>\n\n\n\n<p>Sok b\u00f6ng\u00e9sz\u0151 ny\u00fajt olyan lehet\u0151s\u00e9geket, mint a \u201epriv\u00e1t b\u00f6ng\u00e9sz\u00e9s\u201d, vagy a \u201ene t\u00e1rolja az el\u0151zm\u00e9nyeket\u201d, mely megengedi a cookie-kkal rendelkez\u0151 oldalak teljes haszn\u00e1lat\u00e1t a hossz\u00fa t\u00e1v\u00fa t\u00e1rol\u00e1s enged\u00e9lyez\u00e9se n\u00e9lk\u00fcl. Egy m\u00e1sik gyakori adatv\u00e9delmi lehet\u0151s\u00e9g az el\u0151zm\u00e9nyek manu\u00e1lis t\u00f6rl\u00e9se, amikor az sz\u00fcks\u00e9ges.<\/p>\n\n\n\n<p><a><\/a>V. AZ ADATOKAT MEGISMER\u0150 SZEM\u00c9LYEK K\u00d6RE, ADATTOV\u00c1BB\u00cdT\u00c1S, ADATFELDOLGOZ\u00c1S<\/p>\n\n\n\n<p>Az adatokat els\u0151dlegesen a Szolg\u00e1ltat\u00f3, illetve a Szolg\u00e1ltat\u00f3 bels\u0151 munkat\u00e1rsai jogosultak megismerni, azonban azokat nem teszik k\u00f6zz\u00e9, harmadik szem\u00e9lyek r\u00e9sz\u00e9re nem adj\u00e1k \u00e1t. Az alapul fekv\u0151 informatikai rendszer \u00fczemeltet\u00e9se, a megrendel\u00e9sek teljes\u00edt\u00e9se, az elsz\u00e1mol\u00e1s rendez\u00e9se k\u00f6r\u00e9ben Szolg\u00e1ltat\u00f3 adatfeldolgoz\u00f3t (pl. rendszer-\u00fczemeltet\u0151, fuvaroz\u00f3 v\u00e1llalat, k\u00f6nyvel\u0151) vehet ig\u00e9nybe. Szolg\u00e1ltat\u00f3 az ilyen k\u00fcls\u0151 szerepl\u0151k adatkezel\u00e9si gyakorlat\u00e1\u00e9rt nem felel\u0151s. A fentieken t\u00fal a Felhaszn\u00e1l\u00f3ra vonatkoz\u00f3 szem\u00e9lyes adatok tov\u00e1bb\u00edt\u00e1s\u00e1ra kiz\u00e1r\u00f3lag t\u00f6rv\u00e9nyben k\u00f6telez\u0151en meghat\u00e1rozott esetben, illetve a Felhaszn\u00e1l\u00f3 hozz\u00e1j\u00e1rul\u00e1sa alapj\u00e1n ker\u00fclhet sor.<\/p>\n\n\n\n<p><a><\/a>VI. FELHASZN\u00c1L\u00d3I JOGOK \u00c9S JOG\u00c9RV\u00c9NYES\u00cdT\u00c9SI LEHET\u0150S\u00c9GEK<\/p>\n\n\n\n<p>A Felhaszn\u00e1l\u00f3 b\u00e1rmikor jogosult t\u00e1j\u00e9koztat\u00e1st k\u00e9rni a Szolg\u00e1ltat\u00f3 \u00e1ltal kezelt, r\u00e1 vonatkoz\u00f3 szem\u00e9lyes adatokr\u00f3l, tov\u00e1bb\u00e1 b\u00e1rmikor m\u00f3dos\u00edthatja azokat. Felhaszn\u00e1l\u00f3 jogosult tov\u00e1bb\u00e1 adatai t\u00f6rl\u00e9s\u00e9nek k\u00e9r\u00e9s\u00e9re az e pontban megadott el\u00e9rhet\u0151s\u00e9gek \u00fatj\u00e1n. Szolg\u00e1ltat\u00f3 a Felhaszn\u00e1l\u00f3 k\u00e9r\u00e9s\u00e9re t\u00e1j\u00e9koztat\u00e1st ad a r\u00e1 vonatkoz\u00f3, \u00e1ltala kezelt adatokr\u00f3l, az adatkezel\u00e9s c\u00e9lj\u00e1r\u00f3l, jogalapj\u00e1r\u00f3l, id\u0151tartam\u00e1r\u00f3l, tov\u00e1bb\u00e1 arr\u00f3l, hogy kik \u00e9s milyen c\u00e9lb\u00f3l kapj\u00e1k vagy kapt\u00e1k meg adatait. Szolg\u00e1ltat\u00f3 a k\u00e9relem beny\u00fajt\u00e1s\u00e1t\u00f3l sz\u00e1m\u00edtott 30 napon bel\u00fcl \u00edr\u00e1sban adja meg a k\u00e9rt t\u00e1j\u00e9koztat\u00e1st. Az \u00e9rintett a jogait az al\u00e1bbi el\u00e9rhet\u0151s\u00e9geken gyakorolhatja:<\/p>\n\n\n\n<p><strong>Levelez\u00e9si c\u00edm: Ny\u00edregyh\u00e1zi \u00c9lsport Nonprofit Kft.<\/strong><\/p>\n\n\n\n<p><strong>4400 Ny\u00edregyh\u00e1za, G\u00e9za u. 8-16.<\/strong><\/p>\n\n\n\n<p>Az \u00dcgyf\u00e9l b\u00e1rmely, az adatkezel\u00e9ssel kapcsolatos k\u00e9rd\u00e9ssel, illetve \u00e9szrev\u00e9tellel a Szolg\u00e1ltat\u00f3 munkat\u00e1rs\u00e1hoz fordulhat a megjel\u00f6lt el\u00e9rhet\u0151s\u00e9geken kereszt\u00fcl. A felhaszn\u00e1l\u00f3 b\u00e1rmikor jogosult a helytelen\u00fcl r\u00f6gz\u00edtett adatainak helyesb\u00edt\u00e9s\u00e9t vagy azok t\u00f6rl\u00e9s\u00e9t k\u00e9rni. A Szolg\u00e1ltat\u00f3 a k\u00e9relem be\u00e9rkez\u00e9s\u00e9t\u0151l sz\u00e1m\u00edtott 3 munkanapon bel\u00fcl t\u00f6rli az adatokat, ez esetben azok nem lesznek \u00fajra helyre\u00e1ll\u00edthat\u00f3k. A t\u00f6rl\u00e9s nem vonatkozik a jogszab\u00e1ly (pl. sz\u00e1mviteli szab\u00e1lyoz\u00e1s) alapj\u00e1n sz\u00fcks\u00e9ges adatkezel\u00e9sekre, azokat Szolg\u00e1ltat\u00f3 a sz\u00fcks\u00e9ges id\u0151tartamig meg\u0151rzi. A Felhaszn\u00e1l\u00f3 az Infotv. valamint a Polg\u00e1ri T\u00f6rv\u00e9nyk\u00f6nyv (1959. \u00e9vi IV. t\u00f6rv\u00e9ny) alapj\u00e1n b\u00edr\u00f3s\u00e1g el\u0151tt \u00e9rv\u00e9nyes\u00edtheti jogait, tov\u00e1bb\u00e1 Nemzeti Adatv\u00e9delmi \u00e9s Inform\u00e1ci\u00f3szabads\u00e1g Hat\u00f3s\u00e1ghoz (NAIH) (1125 Budapest, Szil\u00e1gyi Erzs\u00e9bet fasor 22\/C) fordulhat az adatkezel\u0151 adatkezel\u00e9si gyakorlat\u00e1val kapcsolatban felmer\u00fclt panasza eset\u00e9n. Amennyiben a Felhaszn\u00e1l\u00f3 szolg\u00e1ltat\u00e1s ig\u00e9nybev\u00e9tel\u00e9hez a regisztr\u00e1ci\u00f3 sor\u00e1n harmadik f\u00e9l adatait adta meg vagy a Weboldal haszn\u00e1lata sor\u00e1n b\u00e1rmilyen m\u00f3don k\u00e1rt okozott, a Szolg\u00e1ltat\u00f3 jogosult a Felhaszn\u00e1l\u00f3val szembeni k\u00e1rt\u00e9r\u00edt\u00e9s \u00e9rv\u00e9nyes\u00edt\u00e9s\u00e9re. A Szolg\u00e1ltat\u00f3 ilyen esetben minden t\u0151le telhet\u0151 seg\u00edts\u00e9get megad az elj\u00e1r\u00f3 hat\u00f3s\u00e1goknak a jogs\u00e9rt\u0151 szem\u00e9ly szem\u00e9lyazonoss\u00e1g\u00e1nak meg\u00e1llap\u00edt\u00e1sa c\u00e9lj\u00e1b\u00f3l.<\/p>\n\n\n\n<p><a><\/a>VII. EGY\u00c9B RENDELKEZ\u00c9SEK<\/p>\n\n\n\n<p>Minden olyan esetben, ha a szolg\u00e1ltatott adatokat a Szolg\u00e1ltat\u00f3 az eredeti adatfelv\u00e9tel c\u00e9lj\u00e1t\u00f3l elt\u00e9r\u0151 c\u00e9lra k\u00edv\u00e1nja felhaszn\u00e1lni, err\u0151l a felhaszn\u00e1l\u00f3t t\u00e1j\u00e9koztatja, \u00e9s ehhez el\u0151zetes, kifejezett hozz\u00e1j\u00e1rul\u00e1s\u00e1t megszerzi, illet\u0151leg lehet\u0151s\u00e9get biztos\u00edt sz\u00e1m\u00e1ra, hogy a felhaszn\u00e1l\u00e1st megtiltsa. Szolg\u00e1ltat\u00f3 k\u00f6telezi mag\u00e1t, hogy gondoskodik az adatok biztons\u00e1g\u00e1r\u00f3l, megteszi tov\u00e1bb\u00e1 azokat a technikai int\u00e9zked\u00e9seket, amelyek biztos\u00edtj\u00e1k, hogy a felvett, t\u00e1rolt, illetve kezelt adatok v\u00e9dettek legyenek, illet\u0151leg mindent megtesz annak \u00e9rdek\u00e9ben, hogy megakad\u00e1lyozza azok megsemmis\u00fcl\u00e9s\u00e9t, jogosulatlan felhaszn\u00e1l\u00e1s\u00e1t \u00e9s jogosulatlan megv\u00e1ltoztat\u00e1s\u00e1t. K\u00f6telezi mag\u00e1t arra is, hogy minden olyan harmadik felet, akiknek az adatokat esetlegesen tov\u00e1bb\u00edtja vagy \u00e1tadja, ugyancsak felh\u00edvja ez ir\u00e1ny\u00fa k\u00f6telezetts\u00e9geinek teljes\u00edt\u00e9s\u00e9re.<\/p>\n\n\n\n<p>Szolg\u00e1ltat\u00f3 fenntartja a jogot, hogy jelen Szab\u00e1lyzatot a Felhaszn\u00e1l\u00f3k el\u0151zetes \u00e9rtes\u00edt\u00e9se mellett egyoldal\u00faan m\u00f3dos\u00edtsa. A m\u00f3dos\u00edt\u00e1s hat\u00e1lyba l\u00e9p\u00e9s\u00e9t k\u00f6vet\u0151en a Felhaszn\u00e1l\u00f3 a szolg\u00e1ltat\u00e1s haszn\u00e1lat\u00e1val r\u00e1utal\u00f3 magatart\u00e1ssal elfogadja a m\u00f3dos\u00edtott Szab\u00e1lyzatban foglaltakat.<\/p>\n\n\n\n<p><a><\/a>VIII. ADATKEZEL\u00c9SI T\u00c1J\u00c9KOZTAT\u00d3<\/p>\n\n\n\n<p><strong>Adatkezel\u00e9si t\u00e1j\u00e9koztat\u00f3&nbsp;<\/strong><\/p>\n\n\n\n<ul class=\"wp-block-list\"><li><a href=\"https:\/\/www.andadesign.hu\/adatkezelesi-tajekoztato\/#_bookmark0\"><strong>Az adatkezel\u00e9si t\u00e1j\u00e9koztat\u00f3 c\u00e9lja\u2026\u2026\u2026\u2026\u2026\u2026\u2026\u2026\u2026\u2026\u2026\u2026\u2026\u2026\u2026\u2026.\u2026\u2026\u2026\u2026.. 2<\/strong><\/a><\/li><li><a href=\"https:\/\/www.andadesign.hu\/adatkezelesi-tajekoztato\/#_bookmark1\"><strong>Az adatkezel\u0151 adatai\u2026\u2026\u2026\u2026\u2026\u2026\u2026\u2026\u2026\u2026\u2026\u2026\u2026\u2026\u2026\u2026\u2026\u2026\u2026\u2026\u2026\u2026.\u2026\u2026\u2026\u2026.. 2<\/strong><\/a><\/li><li><a href=\"https:\/\/www.andadesign.hu\/adatkezelesi-tajekoztato\/#_bookmark2\"><strong>Adatv\u00e9delmi tisztvisel\u0151\u2026\u2026\u2026\u2026\u2026\u2026\u2026\u2026\u2026\u2026\u2026\u2026\u2026\u2026\u2026\u2026\u2026\u2026\u2026\u2026\u2026\u2026\u2026\u2026\u2026\u2026 2<\/strong><\/a><\/li><li><a href=\"https:\/\/www.andadesign.hu\/adatkezelesi-tajekoztato\/#_bookmark3\"><strong>A kezelt szem\u00e9lyes adatok k\u00f6re\u2026\u2026\u2026\u2026\u2026\u2026\u2026\u2026\u2026\u2026\u2026\u2026\u2026\u2026\u2026\u2026\u2026\u2026\u2026\u2026\u2026\u2026.2<\/strong><\/a><\/li><\/ul>\n\n\n\n<ul class=\"wp-block-list\"><li><a href=\"https:\/\/www.andadesign.hu\/adatkezelesi-tajekoztato\/#_bookmark4\"><strong>Regisztr\u00e1ci\u00f3s sor\u00e1n megadand\u00f3 szem\u00e9lyes adatok\u2026\u2026\u2026\u2026\u2026\u2026\u2026\u2026\u2026\u2026\u2026\u2026\u20262<\/strong><\/a><\/li><li><a href=\"https:\/\/www.andadesign.hu\/adatkezelesi-tajekoztato\/#_bookmark5\"><strong>Technikai adatok\u2026\u2026\u2026\u2026\u2026\u2026\u2026\u2026\u2026\u2026\u2026\u2026\u2026\u2026\u2026\u2026\u2026\u2026\u2026\u2026\u2026\u2026\u2026\u2026\u2026\u2026\u2026\u2026\u2026. 3<\/strong><\/a><\/li><li><a href=\"https:\/\/www.andadesign.hu\/adatkezelesi-tajekoztato\/#_bookmark6\"><strong>Cookie-k (S\u00fctik)\u2026\u2026\u2026\u2026\u2026\u2026\u2026\u2026\u2026\u2026\u2026\u2026\u2026\u2026\u2026\u2026\u2026\u2026\u2026\u2026\u2026\u2026\u2026\u2026\u2026.\u2026\u2026\u2026\u2026.. 3<\/strong><\/a><ul><li><a href=\"https:\/\/www.andadesign.hu\/adatkezelesi-tajekoztato\/#_bookmark7\"><strong>A s\u00fctik feladata\u2026\u2026\u2026\u2026\u2026\u2026\u2026\u2026\u2026\u2026\u2026\u2026\u2026\u2026\u2026\u2026\u2026\u2026\u2026\u2026\u2026\u2026\u2026\u2026\u2026\u2026\u20263<\/strong><\/a><\/li><li><a href=\"https:\/\/www.andadesign.hu\/adatkezelesi-tajekoztato\/#_bookmark8\"><strong>Felt\u00e9tlen\u00fcl sz\u00fcks\u00e9ges, munkamenet (session) cookie-k\u2026\u2026\u2026\u2026\u2026\u2026\u2026.3<\/strong><\/a><\/li><li><a href=\"https:\/\/www.andadesign.hu\/adatkezelesi-tajekoztato\/#_bookmark9\"><strong>Harmadik f\u00e9l \u00e1ltal elhelyezett cookie-k (analitika)\u2026\u2026\u2026\u2026\u2026\u2026\u2026\u2026\u2026\u20263<\/strong><\/a><\/li><\/ul><\/li><li><a href=\"https:\/\/www.andadesign.hu\/adatkezelesi-tajekoztato\/#_bookmark10\"><strong>Online rendel\u00e9shez kapcsol\u00f3d\u00f3 adatok\u2026\u2026\u2026\u2026\u2026\u2026\u2026\u2026\u2026\u2026\u2026\u2026\u2026\u2026\u2026\u2026\u2026\u2026\u2026 4<\/strong><\/a><\/li><li><a href=\"https:\/\/www.andadesign.hu\/adatkezelesi-tajekoztato\/#_bookmark11\"><strong>Online \u00fcgyint\u00e9z\u00e9shez kapcsol\u00f3d\u00f3 adatok\u2026\u2026\u2026\u2026\u2026\u2026\u2026\u2026\u2026\u2026\u2026\u2026\u2026\u2026\u2026\u2026\u2026.. 4<\/strong><\/a><\/li><li><a><\/a><a href=\"https:\/\/www.andadesign.hu\/adatkezelesi-tajekoztato\/#_bookmark12\"><strong>H\u00edrlev\u00e9lhez kapcsol\u00f3d\u00f3 adatok\u2026\u2026\u2026\u2026\u2026\u2026\u2026\u2026\u2026\u2026\u2026\u2026\u2026\u2026\u2026\u2026\u2026\u2026\u2026\u2026\u2026\u2026\u20264<\/strong><\/a><a href=\"#_msocom_2\">[f2]<\/a>&nbsp;<\/li><\/ul>\n\n\n\n<ul class=\"wp-block-list\"><li><a href=\"https:\/\/www.andadesign.hu\/adatkezelesi-tajekoztato\/#_bookmark13\"><strong>A kezelt adatok tervezett felhaszn\u00e1l\u00e1sa \u00e9s meg\u0151rz\u00e9si ideje\u2026\u2026\u2026\u2026\u2026\u2026\u2026\u2026\u20264<\/strong><\/a><\/li><li><a href=\"https:\/\/www.andadesign.hu\/adatkezelesi-tajekoztato\/#_bookmark14\"><strong>Az adatkezel\u00e9s c\u00e9lja, m\u00f3dja \u00e9s jogalapja\u2026\u2026\u2026\u2026\u2026\u2026\u2026\u2026\u2026\u2026\u2026\u2026\u2026\u2026\u2026\u2026\u2026\u20264<\/strong><\/a><\/li><li><a href=\"https:\/\/www.andadesign.hu\/adatkezelesi-tajekoztato\/#_bookmark15\"><strong>\u00c1ltal\u00e1nos adatkezel\u00e9si ir\u00e1nyelvek\u2026\u2026\u2026\u2026\u2026\u2026\u2026\u2026\u2026\u2026\u2026\u2026\u2026\u2026\u2026\u2026\u2026\u2026\u2026\u2026\u2026..4<\/strong><\/a><\/li><\/ul>\n\n\n\n<ul class=\"wp-block-list\"><li><a href=\"https:\/\/www.andadesign.hu\/adatkezelesi-tajekoztato\/#_bookmark16\"><strong>Az adatok fizikai t\u00e1rol\u00e1si helyei\u2026\u2026\u2026\u2026\u2026\u2026\u2026\u2026\u2026\u2026\u2026\u2026\u2026\u2026\u2026\u2026\u2026\u2026\u2026\u2026\u2026\u2026\u20265<\/strong><\/a><\/li><li><a href=\"https:\/\/www.andadesign.hu\/adatkezelesi-tajekoztato\/#_bookmark17\"><strong>Adattov\u00e1bb\u00edt\u00e1s, adatfeldogoz\u00e1s, az adatokat megismer\u0151k k\u00f6re\u2026\u2026\u2026\u2026\u2026\u2026\u20265<\/strong><\/a><\/li><li><a href=\"https:\/\/www.andadesign.hu\/adatkezelesi-tajekoztato\/#_bookmark18\"><strong>\u00c9rintett jogai \u00e9s jog\u00e9rv\u00e9nyes\u00edt\u00e9si lehet\u0151s\u00e9gei\u2026\u2026\u2026\u2026\u2026\u2026\u2026\u2026\u2026\u2026\u2026\u2026\u2026\u2026\u2026. 5<\/strong><\/a><\/li><\/ul>\n\n\n\n<ul class=\"wp-block-list\"><li><a href=\"https:\/\/www.andadesign.hu\/adatkezelesi-tajekoztato\/#_bookmark19\"><strong>T\u00e1j\u00e9koztat\u00e1shoz val\u00f3 jog\u2026\u2026\u2026\u2026\u2026\u2026\u2026\u2026\u2026\u2026\u2026\u2026\u2026\u2026\u2026\u2026\u2026\u2026\u2026\u2026\u2026\u2026\u2026\u2026\u2026\u20265<\/strong><\/a><\/li><li><a href=\"https:\/\/www.andadesign.hu\/adatkezelesi-tajekoztato\/#_bookmark20\"><strong>Az \u00e9rintett hozz\u00e1f\u00e9r\u00e9shez val\u00f3 joga\u2026\u2026\u2026\u2026\u2026\u2026\u2026\u2026\u2026\u2026\u2026\u2026\u2026\u2026\u2026\u2026\u2026\u2026\u2026\u2026\u20265<\/strong><\/a><\/li><li><a href=\"https:\/\/www.andadesign.hu\/adatkezelesi-tajekoztato\/#_bookmark21\"><strong>Helyesb\u00edt\u00e9s joga\u2026\u2026\u2026\u2026\u2026\u2026\u2026\u2026\u2026\u2026\u2026\u2026\u2026\u2026\u2026\u2026\u2026\u2026\u2026\u2026\u2026\u2026\u2026\u2026\u2026\u2026\u2026\u2026\u2026\u2026. 6<\/strong><\/a><\/li><li><a href=\"https:\/\/www.andadesign.hu\/adatkezelesi-tajekoztato\/#_bookmark22\"><strong>T\u00f6rl\u00e9shez val\u00f3 jog\u2026\u2026\u2026\u2026\u2026\u2026\u2026\u2026\u2026\u2026\u2026\u2026\u2026\u2026\u2026\u2026\u2026\u2026\u2026\u2026\u2026\u2026\u2026\u2026\u2026\u2026\u2026\u2026\u2026. 6<\/strong><\/a><\/li><li><a href=\"https:\/\/www.andadesign.hu\/adatkezelesi-tajekoztato\/#_bookmark23\"><strong>Az adatkezel\u00e9s korl\u00e1toz\u00e1s\u00e1hoz val\u00f3 jog\u2026\u2026\u2026\u2026\u2026\u2026\u2026\u2026\u2026\u2026\u2026\u2026\u2026\u2026\u2026\u2026\u2026\u2026\u20266<\/strong><\/a><\/li><li><a href=\"https:\/\/www.andadesign.hu\/adatkezelesi-tajekoztato\/#_bookmark24\"><strong>Adathordoz\u00e1shoz val\u00f3 jog\u2026\u2026\u2026\u2026\u2026\u2026\u2026\u2026\u2026\u2026\u2026\u2026\u2026\u2026\u2026\u2026\u2026\u2026\u2026\u2026\u2026\u2026\u2026\u2026\u2026. 7<\/strong><\/a><\/li><li><a href=\"https:\/\/www.andadesign.hu\/adatkezelesi-tajekoztato\/#_bookmark25\"><strong>Tiltakoz\u00e1s joga\u2026\u2026\u2026\u2026\u2026\u2026\u2026\u2026\u2026\u2026\u2026\u2026\u2026\u2026\u2026\u2026\u2026\u2026\u2026\u2026\u2026\u2026\u2026\u2026\u2026..\u2026\u2026\u2026\u2026\u2026 7<\/strong><\/a><\/li><li><a href=\"https:\/\/www.andadesign.hu\/adatkezelesi-tajekoztato\/#_bookmark26\"><strong>Automatiz\u00e1lt d\u00f6nt\u00e9shozatal egyedi \u00fcgyekben, bele\u00e9rtve a profilalkot\u00e1st\u2026\u2026. 7<\/strong><\/a><\/li><li><a href=\"https:\/\/www.andadesign.hu\/adatkezelesi-tajekoztato\/#_bookmark27\"><strong>Visszavon\u00e1s joga\u2026\u2026\u2026\u2026\u2026\u2026\u2026\u2026\u2026\u2026\u2026\u2026\u2026\u2026\u2026\u2026\u2026.\u2026\u2026\u2026\u2026\u2026\u2026\u2026\u2026\u2026\u2026\u2026\u2026.. 7<\/strong><\/a><\/li><li><a href=\"https:\/\/www.andadesign.hu\/adatkezelesi-tajekoztato\/#_bookmark28\"><strong>B\u00edr\u00f3s\u00e1ghoz fordul\u00e1s joga\u2026\u2026\u2026\u2026\u2026\u2026\u2026\u2026\u2026\u2026\u2026\u2026\u2026\u2026\u2026\u2026\u2026\u2026\u2026\u2026\u2026\u2026\u2026\u2026\u2026\u2026. 7<\/strong><\/a><\/li><li><a href=\"https:\/\/www.andadesign.hu\/adatkezelesi-tajekoztato\/#_bookmark29\"><strong>Adatv\u00e9delmi hat\u00f3s\u00e1gi elj\u00e1r\u00e1s\u2026\u2026\u2026\u2026\u2026\u2026\u2026\u2026\u2026\u2026\u2026\u2026\u2026\u2026\u2026\u2026\u2026\u2026\u2026\u2026\u2026\u2026\u2026\u2026. 7<\/strong><\/a><\/li><li><a href=\"https:\/\/www.andadesign.hu\/adatkezelesi-tajekoztato\/#_bookmark30\"><strong>Egy\u00e9b rendelkez\u00e9sek\u2026\u2026\u2026\u2026\u2026\u2026\u2026\u2026\u2026\u2026\u2026 \u2026\u2026\u2026\u2026\u2026\u2026\u2026\u2026\u2026\u2026\u2026\u2026\u2026\u2026\u2026\u2026\u2026. 8<\/strong><\/a><\/li><\/ul>\n\n\n\n<p>1.&nbsp;<strong>Az adatkezel\u00e9si t\u00e1j\u00e9koztat\u00f3 c\u00e9lja<\/strong><\/p>\n\n\n\n<p><a><strong>Fazekas Csaba<\/strong><\/a><strong> <\/strong><a href=\"#_msocom_3\">[f3]<\/a>&nbsp;<strong>(4400 Ny\u00edregyh\u00e1za, <\/strong><strong>J\u00f3sa Andr\u00e1s u. 5\/B<\/strong>, a tov\u00e1bbiakban, szolg\u00e1ltat\u00f3, adatkezel\u0151) mint adatkezel\u0151, mag\u00e1ra n\u00e9zve k\u00f6telez\u0151nek ismeri el jelen jogi k\u00f6zlem\u00e9ny tartalm\u00e1t. K\u00f6telezetts\u00e9get v\u00e1llal arra, hogy tev\u00e9kenys\u00e9g\u00e9vel kapcsolatos minden adatkezel\u00e9s megfelel a jelen szab\u00e1lyzatban \u00e9s a hat\u00e1lyos nemzeti jogszab\u00e1lyokban, valamint az Eur\u00f3pai Uni\u00f3 jogi aktusaiban meghat\u00e1rozott elv\u00e1r\u00e1soknak.<\/p>\n\n\n\n<p><strong>Fazekas Csaba<\/strong>&nbsp;adatkezel\u00e9seivel kapcsolatosan felmer\u00fcl\u0151 adatv\u00e9delmi ir\u00e1nyelvek folyamatosan el\u00e9rhet\u0151k a&nbsp;<a href=\"https:\/\/www.shop.fatumnyiregyhaza.hu\">https:\/\/www.shop.fatumnyiregyhaza.hu<\/a> c\u00edmen.<\/p>\n\n\n\n<p><strong>Fazekas Csaba<\/strong> fenntartja mag\u00e1nak a jogot jelen t\u00e1j\u00e9koztat\u00f3 b\u00e1rmikori megv\u00e1ltoztat\u00e1s\u00e1ra. Term\u00e9szetesen az esetleges v\u00e1ltoz\u00e1sokr\u00f3l kell\u0151 id\u0151ben \u00e9rtes\u00edti k\u00f6z\u00f6ns\u00e9g\u00e9t.<\/p>\n\n\n\n<p>Amennyiben k\u00e9rd\u00e9se lenne jelen k\u00f6zlem\u00e9ny\u00fcnkh\u00f6z kapcsol\u00f3d\u00f3an, k\u00e9rj\u00fck, \u00edrja meg nek\u00fcnk, \u00e9s koll\u00e9g\u00e1nk megv\u00e1laszolja k\u00e9rd\u00e9s\u00e9t.<\/p>\n\n\n\n<p>Fazekas Csaba elk\u00f6telezett \u00fcgyfelei \u00e9s partnerei szem\u00e9lyes adatainak v\u00e9delm\u00e9ben, kiemelten fontosnak tartja \u00fcgyfelei inform\u00e1ci\u00f3s \u00f6nrendelkez\u00e9si jog\u00e1nak tiszteletben tart\u00e1s\u00e1t. Fazekas Csaba a szem\u00e9lyes adatokat bizalmasan kezeli, \u00e9s megtesz minden olyan biztons\u00e1gi, technikai \u00e9s szervez\u00e9si int\u00e9zked\u00e9st, mely az adatok biztons\u00e1g\u00e1t garant\u00e1lja.<\/p>\n\n\n\n<p>Fazekas Csaba az al\u00e1bbiakban ismerteti adatkezel\u00e9si gyakorlat\u00e1t.<\/p>\n\n\n\n<p>2&nbsp;&nbsp;&nbsp;&nbsp;&nbsp;&nbsp;&nbsp; Az adatkezel\u0151 adatai<\/p>\n\n\n\n<p>Amennyiben megkeresne, 4400 Ny\u00edregyh\u00e1za, J\u00f3sa Andr\u00e1s u. 5\/B. c\u00edmen (telefonos egyeztet\u00e9s ut\u00e1n) vagy a +36-42\/411-411-es telefonsz\u00e1mon vagy <a>fazekas.csaba@nyiregyhazisc.hu&nbsp;<\/a>el\u00e9rhet\u0151s\u00e9geken l\u00e9phet kapcsolatba az adatkezel\u0151vel.<\/p>\n\n\n\n<p>Fazekas Csaba minden hozz\u00e1 be\u00e9rkezett e-mailt az \u00f6sszes szem\u00e9lyes adatokkal egy\u00fctt az adatk\u00f6zl\u00e9st\u0151l sz\u00e1m\u00edtott legfeljebb 1 \u00e9v eltelt\u00e9vel t\u00f6r\u00f6l.<\/p>\n\n\n\n<p>&nbsp;N\u00e9v: Fazekas Csaba<\/p>\n\n\n\n<p>&nbsp;Sz\u00e9khely: 4400 Ny\u00edregyh\u00e1za, J\u00f3sa Andr\u00e1s u. 5\/B<\/p>\n\n\n\n<ul class=\"wp-block-list\"><li>Telefonsz\u00e1m: 0630\/947-7120<\/li><li>E-mail: <a href=\"mailto:fazekas.csaba@nyiregyhazisc.hu\">fazekas.csaba@nyiregyhazisc.hu<\/a><\/li><\/ul>\n\n\n\n<p>2.1&nbsp;&nbsp;&nbsp;&nbsp;&nbsp;&nbsp; <a>Adatv\u00e9delmi tisztvisel\u0151<\/a><a href=\"#_msocom_4\">[f4]<\/a>&nbsp;<\/p>\n\n\n\n<p>&nbsp;N\u00e9v: Fazekas Csaba<\/p>\n\n\n\n<p>&nbsp;Telefonsz\u00e1m: +3630-947-7120<\/p>\n\n\n\n<p>3&nbsp;&nbsp;&nbsp;&nbsp;&nbsp;&nbsp;&nbsp;&nbsp;&nbsp;&nbsp;&nbsp; A kezelt szem\u00e9lyes adatok k\u00f6re<\/p>\n\n\n\n<p>3.1&nbsp;&nbsp;&nbsp;&nbsp;&nbsp;&nbsp; Regisztr\u00e1ci\u00f3s sor\u00e1n megadand\u00f3 szem\u00e9lyes adatok<\/p>\n\n\n\n<p>A regisztr\u00e1ci\u00f3 sor\u00e1n elk\u00e9rt \u00e9s t\u00e1rolt adatok:<\/p>\n\n\n\n<p>Adat:<\/p>\n\n\n\n<p>St\u00e1tusz:<\/p>\n\n\n\n<p>N\u00e9v:<\/p>\n\n\n\n<p>(K\u00f6telez\u0151)<\/p>\n\n\n\n<p>Keresztn\u00e9v:<\/p>\n\n\n\n<p>(K\u00f6telez\u0151)<\/p>\n\n\n\n<p>C\u00e9gn\u00e9v:<\/p>\n\n\n\n<p>(Nem k\u00f6telez\u0151)<\/p>\n\n\n\n<p>Email:<\/p>\n\n\n\n<p>(K\u00f6telez\u0151)<\/p>\n\n\n\n<p>Telefonsz\u00e1m:<\/p>\n\n\n\n<p>(K\u00f6telez\u0151)<\/p>\n\n\n\n<p>Pontos c\u00edm:<\/p>\n\n\n\n<p>(K\u00f6telez\u0151)<\/p>\n\n\n\n<p>Sz\u00e1ll\u00edt\u00e1si c\u00edm:<\/p>\n\n\n\n<p>(Nem k\u00f6telez\u0151)<\/p>\n\n\n\n<p>3.2&nbsp;&nbsp;&nbsp;&nbsp;&nbsp;&nbsp; Technikai adatok<\/p>\n\n\n\n<p><strong>Fazekas Csaba<\/strong> a szem\u00e9lyes adatok kezel\u00e9s\u00e9hez a szolg\u00e1ltat\u00e1s ny\u00fajt\u00e1sa sor\u00e1n alkalmazott informatikai eszk\u00f6z\u00f6ket \u00fagy v\u00e1lasztja meg \u00e9s \u00fczemelteti, hogy a kezelt adat:<\/p>\n\n\n\n<ul class=\"wp-block-list\"><li>az arra feljogos\u00edtottak sz\u00e1m\u00e1ra hozz\u00e1f\u00e9rhet\u0151 (rendelkez\u00e9sre \u00e1ll\u00e1s);&nbsp;hiteless\u00e9ge \u00e9s hiteles\u00edt\u00e9se biztos\u00edtott (adatkezel\u00e9s hiteless\u00e9ge);<ul><li>v\u00e1ltozatlans\u00e1ga igazolhat\u00f3 (adatintegrit\u00e1s);<\/li><\/ul><ul><li>a jogosulatlan hozz\u00e1f\u00e9r\u00e9s ellen v\u00e9dett (adat bizalmass\u00e1ga) legyen.<\/li><\/ul><\/li><\/ul>\n\n\n\n<p>Fazekas Csaba az adatokat megfelel\u0151 int\u00e9zked\u00e9sekkel v\u00e9di a jogosulatlan hozz\u00e1f\u00e9r\u00e9s, megv\u00e1ltoztat\u00e1s, tov\u00e1bb\u00edt\u00e1s, nyilv\u00e1noss\u00e1gra hozatal, t\u00f6rl\u00e9s vagy megsemmis\u00edt\u00e9s, valamint a v\u00e9letlen megsemmis\u00fcl\u00e9s ellen.<\/p>\n\n\n\n<p>Fazekas Csaba olyan m\u0171szaki, szervez\u00e9si \u00e9s szervezeti int\u00e9zked\u00e9sekkel gondoskodik az adatkezel\u00e9s biztons\u00e1g\u00e1nak v\u00e9delm\u00e9r\u0151l, amely az adatkezel\u00e9ssel kapcsolatban jelentkez\u0151 kock\u00e1zatoknak megfelel\u0151 v\u00e9delmi szintet ny\u00fajt.<\/p>\n\n\n\n<p>Fazekas Csaba az adatkezel\u00e9s sor\u00e1n meg\u0151rzi<\/p>\n\n\n\n<p>&nbsp;&nbsp; &nbsp;a titkoss\u00e1got: megv\u00e9di az inform\u00e1ci\u00f3t, hogy csak az f\u00e9rhessen hozz\u00e1, aki erre jogosult;<\/p>\n\n\n\n<p>&nbsp;&nbsp; &nbsp;a s\u00e9rtetlens\u00e9get: megv\u00e9di az inform\u00e1ci\u00f3nak \u00e9s a feldolgoz\u00e1s m\u00f3dszer\u00e9nek a pontoss\u00e1g\u00e1t \u00e9s teljess\u00e9g\u00e9t;<\/p>\n\n\n\n<p>&nbsp;&nbsp; &nbsp;a rendelkez\u00e9sre \u00e1ll\u00e1st: gondoskodik arr\u00f3l, hogy amikor a jogosult haszn\u00e1l\u00f3nak sz\u00fcks\u00e9ge van r\u00e1, val\u00f3ban hozz\u00e1 tudjon f\u00e9rni a k\u00edv\u00e1nt inform\u00e1ci\u00f3hoz, \u00e9s rendelkez\u00e9sre \u00e1lljanak az ezzel kapcsolatos eszk\u00f6z\u00f6k.<\/p>\n\n\n\n<p>3.3&nbsp;&nbsp;&nbsp;&nbsp;&nbsp;&nbsp; Cookie-k (S\u00fctik)<\/p>\n\n\n\n<p>3.3.1&nbsp; A s\u00fctik feladata<\/p>\n\n\n\n<p>&nbsp;&nbsp; &nbsp;inform\u00e1ci\u00f3kat gy\u0171jtenek a l\u00e1togat\u00f3kr\u00f3l \u00e9s eszk\u00f6zeikr\u0151l;<\/p>\n\n\n\n<p>&nbsp;&nbsp; &nbsp;megjegyzik a l\u00e1togat\u00f3k egy\u00e9ni be\u00e1ll\u00edt\u00e1sait, amelyek felhaszn\u00e1l\u00e1sra ker\u00fcl(het)nek pl. online tranzakci\u00f3k ig\u00e9nybev\u00e9telekor, \u00edgy nem kell \u00fajra beg\u00e9pelni \u0151ket;<\/p>\n\n\n\n<p>&nbsp;&nbsp; &nbsp;megk\u00f6nny\u00edtik a weboldal haszn\u00e1lat\u00e1t;<\/p>\n\n\n\n<p>&nbsp;&nbsp; &nbsp;min\u0151s\u00e9gi felhaszn\u00e1l\u00f3i \u00e9lm\u00e9nyt biztos\u00edtanak.<\/p>\n\n\n\n<p>A testre szabott kiszolg\u00e1l\u00e1s \u00e9rdek\u00e9ben a felhaszn\u00e1l\u00f3 sz\u00e1m\u00edt\u00f3g\u00e9p\u00e9n kis adatcsomagot, \u00fan. s\u00fctit (cookie) helyez el \u00e9s a k\u00e9s\u0151bbi l\u00e1togat\u00e1s sor\u00e1n olvas vissza. Ha a b\u00f6ng\u00e9sz\u0151 visszak\u00fcld egy kor\u00e1bban elmentett s\u00fctit, a s\u00fctit kezel\u0151 szolg\u00e1ltat\u00f3nak lehet\u0151s\u00e9ge van \u00f6sszekapcsolni a felhaszn\u00e1l\u00f3 aktu\u00e1lis l\u00e1togat\u00e1s\u00e1t a kor\u00e1bbiakkal, de kiz\u00e1r\u00f3lag a saj\u00e1t tartalma tekintet\u00e9ben.<\/p>\n\n\n\n<p>3.3.2 Felt\u00e9tlen\u00fcl sz\u00fcks\u00e9ges, munkamenet (session) cookie-k<\/p>\n\n\n\n<p>Ezen s\u00fctik c\u00e9lja, hogy a l\u00e1togat\u00f3k marad\u00e9ktalanul \u00e9s z\u00f6kken\u0151mentesen b\u00f6ng\u00e9szhess\u00e9k Ol\u00e1h Be\u00e1ta E.V weboldal\u00e1t, haszn\u00e1lhass\u00e1k annak funkci\u00f3it, \u00e9s az ott el\u00e9rhet\u0151 szolg\u00e1ltat\u00e1sokat. Az ilyen t\u00edpus\u00fa s\u00fctik \u00e9rv\u00e9nyess\u00e9gi ideje a munkamenet (b\u00f6ng\u00e9sz\u00e9s) befejez\u00e9s\u00e9ig tart, a b\u00f6ng\u00e9sz\u0151 bez\u00e1r\u00e1s\u00e1val a s\u00fctik e fajt\u00e1ja automatikusan t\u00f6rl\u0151dik a sz\u00e1m\u00edt\u00f3g\u00e9pr\u0151l, illetve a b\u00f6ng\u00e9sz\u00e9sre haszn\u00e1lt m\u00e1s eszk\u00f6zr\u0151l.<\/p>\n\n\n\n<p>3.3.3 Harmadik f\u00e9l \u00e1ltal elhelyezett cookie-k (analitika)<\/p>\n\n\n\n<p>Ol\u00e1h Be\u00e1ta E.V weboldal\u00e1n alkalmazza a Google Analytics mint harmadik f\u00e9l s\u00fctijeit is. A Google Analytics statisztikai c\u00e9l\u00fa szolg\u00e1ltat\u00e1s haszn\u00e1lat\u00e1val Ol\u00e1h Be\u00e1ta E.V inform\u00e1ci\u00f3kat gy\u0171jt azzal kapcsolatban, hogy a l\u00e1togat\u00f3k hogyan haszn\u00e1lj\u00e1k a weboldalt. Az adatot a honlap fejleszt\u00e9s\u00e9nek \u00e9s a felhaszn\u00e1l\u00f3i \u00e9lm\u00e9ny jav\u00edt\u00e1s\u00e1nak c\u00e9lj\u00e1val haszn\u00e1lja fel. Ezen s\u00fctik szint\u00e9n lej\u00e1ratukig a l\u00e1togat\u00f3 sz\u00e1m\u00edt\u00f3g\u00e9p\u00e9n vagy b\u00f6ng\u00e9sz\u00e9sre haszn\u00e1lt m\u00e1s eszk\u00f6z\u00e9n, annak b\u00f6ng\u00e9sz\u0151j\u00e9ben maradnak, illetve am\u00edg a l\u00e1togat\u00f3 nem t\u00f6rli \u0151ket.<\/p>\n\n\n\n<p>3.4&nbsp;&nbsp;&nbsp;&nbsp;&nbsp;&nbsp; Online rendel\u00e9shez kapcsol\u00f3d\u00f3 adatok<\/p>\n\n\n\n<p><strong>Adat:<\/strong><\/p>\n\n\n\n<p><strong>St\u00e1tusz:<\/strong><\/p>\n\n\n\n<p>N\u00e9v:<\/p>\n\n\n\n<p>(K\u00f6telez\u0151)<\/p>\n\n\n\n<p>Keresztn\u00e9v:<\/p>\n\n\n\n<p>(K\u00f6telez\u0151)<\/p>\n\n\n\n<p>C\u00e9gn\u00e9v:<\/p>\n\n\n\n<p>(Nem k\u00f6telez\u0151)<\/p>\n\n\n\n<p>E-mail:<\/p>\n\n\n\n<p>(K\u00f6telez\u0151)<\/p>\n\n\n\n<p>Telefonsz\u00e1m:<\/p>\n\n\n\n<p>(K\u00f6telez\u0151)<\/p>\n\n\n\n<p>Pontos c\u00edm:<\/p>\n\n\n\n<p>(K\u00f6telez\u0151)<\/p>\n\n\n\n<p>Sz\u00e1ll\u00edt\u00e1si c\u00edm:<\/p>\n\n\n\n<p>(Nem k\u00f6telez\u0151)<\/p>\n\n\n\n<p>3.5&nbsp;&nbsp;&nbsp;&nbsp;&nbsp;&nbsp; Online \u00fcgyint\u00e9z\u00e9shez kapcsol\u00f3d\u00f3 adatok<\/p>\n\n\n\n<p>Adat:<\/p>\n\n\n\n<p>St\u00e1tusz:<\/p>\n\n\n\n<p>N\u00e9v:<\/p>\n\n\n\n<p>(K\u00f6telez\u0151)<\/p>\n\n\n\n<p>Keresztn\u00e9v:<\/p>\n\n\n\n<p>(K\u00f6telez\u0151)<\/p>\n\n\n\n<p>C\u00e9gn\u00e9v:<\/p>\n\n\n\n<p>(Nem k\u00f6telez\u0151)<\/p>\n\n\n\n<p>E-mail:<\/p>\n\n\n\n<p>(K\u00f6telez\u0151)<\/p>\n\n\n\n<p>Telefonsz\u00e1m:<\/p>\n\n\n\n<p>(K\u00f6telez\u0151)<\/p>\n\n\n\n<p>Pontos c\u00edm:<\/p>\n\n\n\n<p>(K\u00f6telez\u0151)<\/p>\n\n\n\n<p>Sz\u00e1ll\u00edt\u00e1si c\u00edm:<\/p>\n\n\n\n<p>(Nem k\u00f6telez\u0151)<\/p>\n\n\n\n<p>&nbsp;3.6&nbsp;&nbsp;&nbsp;&nbsp;&nbsp;&nbsp; H\u00edrlev\u00e9lhez kapcsol\u00f3d\u00f3 adatok<\/p>\n\n\n\n<p>Adat:<\/p>\n\n\n\n<p>St\u00e1tusz:<\/p>\n\n\n\n<p>N\u00e9v:<\/p>\n\n\n\n<p>(K\u00f6telez\u0151)<\/p>\n\n\n\n<p>Keresztn\u00e9v:<\/p>\n\n\n\n<p>(K\u00f6telez\u0151)<\/p>\n\n\n\n<p>C\u00e9gn\u00e9v:<\/p>\n\n\n\n<p>(Nem k\u00f6telez\u0151)<\/p>\n\n\n\n<p>E-mail:<\/p>\n\n\n\n<p>(K\u00f6telez\u0151)<\/p>\n\n\n\n<p>Telefonsz\u00e1m:<\/p>\n\n\n\n<p>(K\u00f6telez\u0151)<\/p>\n\n\n\n<p>Pontos c\u00edm:<\/p>\n\n\n\n<p>(K\u00f6telez\u0151)<\/p>\n\n\n\n<p>Sz\u00e1ll\u00edt\u00e1si c\u00edm:<\/p>\n\n\n\n<p>(Nem k\u00f6telez\u0151)<\/p>\n\n\n\n<p>4.&nbsp;&nbsp;&nbsp;&nbsp;&nbsp;&nbsp;&nbsp; A kezelt adatok tervezett felhaszn\u00e1l\u00e1sa \u00e9s meg\u0151rz\u00e9si ideje<\/p>\n\n\n\n<p><strong>Adatkezel\u00e9s neve<\/strong><\/p>\n\n\n\n<p><strong>Felhaszn\u00e1l\u00e1sa<\/strong><\/p>\n\n\n\n<p><strong>Jogalap<\/strong><\/p>\n\n\n\n<p><strong>Meg\u0151rz\u00e9si id\u0151<\/strong><\/p>\n\n\n\n<p>Csomagk\u00fcld\u00e9s: egy alkalommal<\/p>\n\n\n\n<p>Az \u00e9rintett \u00f6nk\u00e9ntes adatmegad\u00e1s\u00e1t\u00f3l az \u00e9rintett k\u00e9relm\u00e9re t\u00f6rt\u00e9n\u0151 v\u00e1s\u00e1rl\u00f3i fi\u00f3k t\u00f6rl\u00e9s\u00e9ig.<\/p>\n\n\n\n<p>1 \u00e9v<\/p>\n\n\n\n<p>Marketing email k\u00fcld\u00e9s: t\u00f6bb alkalommal<\/p>\n\n\n\n<p>Az \u00e9rintett \u00f6nk\u00e9ntes adatmegad\u00e1s\u00e1t\u00f3l az \u00e9rintett k\u00e9relm\u00e9re t\u00f6rt\u00e9n\u0151 v\u00e1s\u00e1rl\u00f3i fi\u00f3k t\u00f6rl\u00e9s\u00e9ig.<\/p>\n\n\n\n<p>1 \u00e9v<\/p>\n\n\n\n<p>5&nbsp;&nbsp;&nbsp;&nbsp;&nbsp;&nbsp;&nbsp; Az adatkezel\u00e9s c\u00e9lja, m\u00f3dja \u00e9s jogalapja<\/p>\n\n\n\n<p>5.1&nbsp;&nbsp;&nbsp;&nbsp;&nbsp;&nbsp; \u00c1ltal\u00e1nos adatkezel\u00e9si ir\u00e1nyelvek<\/p>\n\n\n\n<p><strong>Fazekas Csaba<\/strong> tev\u00e9kenys\u00e9g\u00e9nek adatkezel\u00e9sei \u00f6nk\u00e9ntes hozz\u00e1j\u00e1rul\u00e1son, illetve t\u00f6rv\u00e9nyi felhatalmaz\u00e1son alapulnak. Az \u00f6nk\u00e9ntes hozz\u00e1j\u00e1rul\u00e1son alapul\u00f3 adatkezel\u00e9sek eset\u00e9ben az \u00e9rintettek e hozz\u00e1j\u00e1rul\u00e1sukat az adatkezel\u00e9s b\u00e1rmely szakasz\u00e1ban visszavonhatj\u00e1k.<\/p>\n\n\n\n<p>Bizonyos esetekben a megadott adatok egy k\u00f6r\u00e9nek kezel\u00e9s\u00e9t, t\u00e1rol\u00e1s\u00e1t, tov\u00e1bb\u00edt\u00e1s\u00e1t jogszab\u00e1lyok teszik k\u00f6telez\u0151v\u00e9, melyr\u0151l k\u00fcl\u00f6n \u00e9rtes\u00edtj\u00fck \u00fcgyfeleinket.<\/p>\n\n\n\n<p>Felh\u00edvjuk a Ol\u00e1h Be\u00e1ta E.V r\u00e9sz\u00e9re adatk\u00f6zl\u0151k figyelm\u00e9t, hogy amennyiben nem saj\u00e1t szem\u00e9lyes adataikat adj\u00e1k meg, az adatk\u00f6zl\u0151 k\u00f6teless\u00e9ge az \u00e9rintett hozz\u00e1j\u00e1rul\u00e1s\u00e1nak beszerz\u00e9se.<\/p>\n\n\n\n<p>Adatkezel\u00e9si alapelvei \u00f6sszhangban vannak az adatv\u00e9delemmel kapcsolatos hat\u00e1lyos jogszab\u00e1lyokkal, \u00edgy k\u00fcl\u00f6n\u00f6sen az al\u00e1bbiakkal:<\/p>\n\n\n\n<ol class=\"wp-block-list\" type=\"1\"><li>\u00e9vi CXII. t\u00f6rv\u00e9ny \u2013 az inform\u00e1ci\u00f3s \u00f6nrendelkez\u00e9si jogr\u00f3l \u00e9s az inform\u00e1ci\u00f3-szabads\u00e1gr\u00f3l (Infotv.);<\/li><\/ol>\n\n\n\n<p>&nbsp;Az Eur\u00f3pai Parlament \u00e9s a Tan\u00e1cs (EU) 2016\/679 rendelete (2016. \u00e1prilis 27.) \u2013 a term\u00e9szetes szem\u00e9lyeknek a szem\u00e9lyes adatok kezel\u00e9se tekintet\u00e9ben t\u00f6rt\u00e9n\u0151 v\u00e9delm\u00e9r\u0151l \u00e9s az ilyen adatok szabad \u00e1raml\u00e1s\u00e1r\u00f3l, valamint a 95\/46\/EK rendelet hat\u00e1lyon k\u00edv\u00fcl helyez\u00e9s\u00e9r\u0151l (\u00e1ltal\u00e1nos adatv\u00e9delmi rendelet, GDPR);<\/p>\n\n\n\n<ol class=\"wp-block-list\" type=\"1\"><li>\u00e9vi V. t\u00f6rv\u00e9ny \u2013 a Polg\u00e1ri T\u00f6rv\u00e9nyk\u00f6nyvr\u0151l (Ptk.);&nbsp;2000. \u00e9vi C. t\u00f6rv\u00e9ny \u2013 a sz\u00e1mvitelr\u0151l (Sz\u00e1mv. tv.);<\/li><li>\u00e9vi LIII. t\u00f6rv\u00e9ny \u2013 a p\u00e9nzmos\u00e1s \u00e9s terrorizmus finansz\u00edroz\u00e1sa megel\u0151z\u00e9s\u00e9r\u0151l \u00e9s megakad\u00e1lyoz\u00e1s\u00e1r\u00f3l (Pmt.);<\/li><li>\u00e9vi CCXXXVII. t\u00f6rv\u00e9ny \u2013 a hitelint\u00e9zetekr\u0151l \u00e9s a p\u00e9nz\u00fcgyi v\u00e1llalkoz\u00e1sok-r\u00f3l (Hpt.).<\/li><\/ol>\n\n\n\n<p>&nbsp;6.&nbsp;&nbsp;&nbsp;&nbsp;&nbsp;&nbsp;&nbsp; Az adatok fizikai t\u00e1rol\u00e1si helyei<\/p>\n\n\n\n<p>Szem\u00e9lyes adatai (vagyis azok az adatok, amelyek az \u00d6n szem\u00e9ly\u00e9vel kapcsolatba hozhat\u00f3k) a k\u00f6vetkez\u0151 m\u00f3don ker\u00fclhetnek a kezel\u00e9s\u00fcnkbe: egyfel\u0151l az internetes kapcsolat fenntart\u00e1s\u00e1val \u00f6sszef\u00fcgg\u00e9sben az \u00d6n \u00e1ltal haszn\u00e1lt sz\u00e1m\u00edt\u00f3g\u00e9ppel, b\u00f6ng\u00e9sz\u0151programmal, internetes c\u00edmmel, a l\u00e1togatott oldalakkal kapcsolatos technikai adatok automatikusan k\u00e9pz\u0151dnek sz\u00e1m\u00edt\u00f3g\u00e9pes rendszer\u00fcnkben, m\u00e1sfel\u0151l \u00d6n is megadhatja nev\u00e9t, el\u00e9rhet\u0151s\u00e9g\u00e9t vagy m\u00e1s adatait, ha a honlap haszn\u00e1lata sor\u00e1n szem\u00e9lyes kapcsolatba k\u00edv\u00e1n l\u00e9pni vel\u00fcnk.<\/p>\n\n\n\n<p>A rendszer m\u0171k\u00f6dtet\u00e9se sor\u00e1n technikailag r\u00f6gz\u00edt\u00e9sre ker\u00fcl\u0151 adatok: az \u00e9rintett bejelentkez\u0151 sz\u00e1m\u00edt\u00f3g\u00e9p\u00e9nek azon adatai, melyek a szavaz\u00e1s sor\u00e1n gener\u00e1l\u00f3dnak \u00e9s melyeket az <strong>Fazekas Csaba<\/strong> rendszere a technikai folyamatok automatikus eredm\u00e9nyek\u00e9nt r\u00f6gz\u00edt. Az automatikusan r\u00f6gz\u00edt\u00e9sre ker\u00fcl\u0151 adatot a rendszer az \u00e9rintett k\u00fcl\u00f6n nyilatkozata vagy cselekm\u00e9nye n\u00e9lk\u00fcl a bel\u00e9p\u00e9skor, illetve kil\u00e9p\u00e9skor automatikusan napl\u00f3zza. Ezen adat egy\u00e9b szem\u00e9lyes felhaszn\u00e1l\u00f3i adatokkal \u2013 t\u00f6rv\u00e9ny \u00e1ltal k\u00f6telez\u0151v\u00e9 tett esetek kiv\u00e9tel\u00e9vel \u2013 \u00f6ssze nem kapcsolhat\u00f3. Az adathoz kiz\u00e1r\u00f3lag Fazekas Csaba f\u00e9r hozz\u00e1.<\/p>\n\n\n\n<p>7.&nbsp;&nbsp;&nbsp;&nbsp;&nbsp;&nbsp;&nbsp; \u00c9rintett jogai \u00e9s jog\u00e9rv\u00e9nyes\u00edt\u00e9si lehet\u0151s\u00e9gei<\/p>\n\n\n\n<p>Az \u00e9rintett t\u00e1j\u00e9koztat\u00e1st k\u00e9rhet szem\u00e9lyes adatai kezel\u00e9s\u00e9r\u0151l, valamint k\u00e9rheti szem\u00e9lyes adatainak helyesb\u00edt\u00e9s\u00e9t, illetve \u2013 a k\u00f6telez\u0151 adatkezel\u00e9sek kiv\u00e9tel\u00e9vel \u2013 t\u00f6rl\u00e9s\u00e9t, visszavon\u00e1s\u00e1t, \u00e9lhet adathordoz\u00e1si-, \u00e9s tiltakoz\u00e1si jog\u00e1val az adat felv\u00e9tel\u00e9n\u00e9l jelzett m\u00f3don, illetve az adatkezel\u0151 fenti el\u00e9rhet\u0151s\u00e9gein.<\/p>\n\n\n\n<p>7.1&nbsp;&nbsp;&nbsp;&nbsp;&nbsp;&nbsp; T\u00e1j\u00e9koztat\u00e1shoz val\u00f3 jog<\/p>\n\n\n\n<p>Ol\u00e1h Be\u00e1ta E.V megfelel\u0151 int\u00e9zked\u00e9seket hoz annak \u00e9rdek\u00e9ben, hogy az \u00e9rintettek r\u00e9sz\u00e9re a szem\u00e9lyes adatok kezel\u00e9s\u00e9re vonatkoz\u00f3, a GDPR 13. \u00e9s a 14. cikkben eml\u00edtett valamennyi inform\u00e1ci\u00f3t \u00e9s a 15\u201322. \u00e9s 34. cikk szerinti minden egyes t\u00e1j\u00e9koztat\u00e1st t\u00f6m\u00f6r, \u00e1tl\u00e1that\u00f3, \u00e9rthet\u0151 \u00e9s k\u00f6nnyen hozz\u00e1f\u00e9rhet\u0151 form\u00e1ban, vil\u00e1gosan \u00e9s k\u00f6z\u00e9rthet\u0151en megfogalmazva ny\u00fajtsa.<\/p>\n\n\n\n<p>7.2&nbsp;&nbsp;&nbsp;&nbsp;&nbsp;&nbsp; Az \u00e9rintett hozz\u00e1f\u00e9r\u00e9shez val\u00f3 joga<\/p>\n\n\n\n<p>Az \u00e9rintett jogosult arra, hogy az adatkezel\u0151t\u0151l visszajelz\u00e9st kapjon arra vonatkoz\u00f3an, hogy szem\u00e9lyes adatainak kezel\u00e9se folyamatban van-e, \u00e9s ha ilyen adatkezel\u00e9s folyamatban van, jogosult arra, hogy a<\/p>\n\n\n\n<p>&nbsp;szem\u00e9lyes adatokhoz \u00e9s a k\u00f6vetkez\u0151 inform\u00e1ci\u00f3khoz hozz\u00e1f\u00e9r\u00e9st kapjon: az adatkezel\u00e9s c\u00e9ljai; az \u00e9rintett szem\u00e9lyes adatok kateg\u00f3ri\u00e1i; azon c\u00edmzettek vagy c\u00edmzettek kateg\u00f3ri\u00e1i, akikkel, illetve amelyekkel a szem\u00e9lyes adatokat k\u00f6z\u00f6lt\u00e9k vagy k\u00f6z\u00f6lni fogj\u00e1k, ide\u00e9rtve k\u00fcl\u00f6n\u00f6sen a harmadik orsz\u00e1gbeli c\u00edmzetteket, illetve a nemzetk\u00f6zi szervezeteket; a szem\u00e9lyes adatok t\u00e1rol\u00e1s\u00e1nak tervezett id\u0151tartama; a helyesb\u00edt\u00e9s, t\u00f6rl\u00e9s vagy adatkezel\u00e9s korl\u00e1toz\u00e1s\u00e1nak \u00e9s a tiltakoz\u00e1s joga; a fel\u00fcgyeleti hat\u00f3s\u00e1ghoz c\u00edmzett panasz beny\u00fajt\u00e1s\u00e1nak joga; az adatforr\u00e1sokra vonatkoz\u00f3 inform\u00e1ci\u00f3; az automatiz\u00e1lt d\u00f6nt\u00e9shozatal t\u00e9nye, ide\u00e9rtve a profilalkot\u00e1st is, valamint az alkalmazott logik\u00e1ra \u00e9s arra vonatkoz\u00f3 \u00e9rthet\u0151 inform\u00e1ci\u00f3k, hogy az ilyen adatkezel\u00e9s milyen jelent\u0151s\u00e9ggel b\u00edr, \u00e9s az \u00e9rintettre n\u00e9zve milyen v\u00e1rhat\u00f3 k\u00f6vetkezm\u00e9nyekkel j\u00e1r. Az adatkezel\u0151 a k\u00e9relem beny\u00fajt\u00e1s\u00e1t\u00f3l sz\u00e1m\u00edtott legfeljebb egy h\u00f3napon bel\u00fcl adja meg a t\u00e1j\u00e9koztat\u00e1st.<\/p>\n\n\n\n<p>7.3&nbsp;&nbsp;&nbsp;&nbsp;&nbsp;&nbsp; Helyesb\u00edt\u00e9s joga<\/p>\n\n\n\n<p>Az \u00e9rintett k\u00e9rheti a <strong>Fazekas Csaba<\/strong> \u00e1ltal kezelt, r\u00e1 vonatkoz\u00f3 pontatlan szem\u00e9lyes adatok helyesb\u00edt\u00e9s\u00e9t \u00e9s a hi\u00e1nyos adatok kieg\u00e9sz\u00edt\u00e9s\u00e9t.<\/p>\n\n\n\n<p>7.4&nbsp;&nbsp;&nbsp;&nbsp;&nbsp;&nbsp; T\u00f6rl\u00e9shez val\u00f3 jog<\/p>\n\n\n\n<p>Az \u00e9rintett az al\u00e1bbi indokok valamelyik\u00e9nek fenn\u00e1ll\u00e1sa eset\u00e9n jogosult arra, hogy k\u00e9r\u00e9s\u00e9re <strong>Fazekas Csaba<\/strong> indokolatlan k\u00e9sedelem n\u00e9lk\u00fcl t\u00f6r\u00f6lje a r\u00e1 vonatkoz\u00f3 szem\u00e9lyes adatokat:<\/p>\n\n\n\n<p>&nbsp;&nbsp; &nbsp;szem\u00e9lyes adatokra m\u00e1r nincs sz\u00fcks\u00e9g abb\u00f3l a c\u00e9lb\u00f3l, amelyb\u0151l azokat gy\u0171jt\u00f6tt\u00e9k vagy m\u00e1s m\u00f3don kezelt\u00e9k;<\/p>\n\n\n\n<p>&nbsp;&nbsp; &nbsp;az \u00e9rintett visszavonja az adatkezel\u00e9s alapj\u00e1t k\u00e9pez\u0151 hozz\u00e1j\u00e1rul\u00e1s\u00e1t, \u00e9s az adatkezel\u00e9snek nincs m\u00e1s jogalapja;<\/p>\n\n\n\n<p>&nbsp;&nbsp; &nbsp;az \u00e9rintett tiltakozik az adatkezel\u00e9s ellen, \u00e9s nincs els\u0151bbs\u00e9get \u00e9lvez\u0151 jogszer\u0171 ok az adatkezel\u00e9sre;<\/p>\n\n\n\n<p>&nbsp;&nbsp; &nbsp;a szem\u00e9lyes adatokat jogellenesen kezelt\u00e9k;<\/p>\n\n\n\n<p>&nbsp;&nbsp; &nbsp;a szem\u00e9lyes adatokat az adatkezel\u0151re alkalmazand\u00f3 uni\u00f3s vagy tag\u00e1llami jogban el\u0151\u00edrt jogi k\u00f6telezetts\u00e9g teljes\u00edt\u00e9s\u00e9hez t\u00f6r\u00f6lni kell;<\/p>\n\n\n\n<p>&nbsp;&nbsp; &nbsp;a szem\u00e9lyes adatok gy\u0171jt\u00e9s\u00e9re inform\u00e1ci\u00f3s t\u00e1rsadalommal \u00f6sszef\u00fcgg\u0151 szolg\u00e1ltat\u00e1sok k\u00edn\u00e1l\u00e1s\u00e1val kapcsolatosan ker\u00fclt sor.<\/p>\n\n\n\n<p>Az adatok t\u00f6rl\u00e9se nem kezdem\u00e9nyezhet\u0151, ha az adatkezel\u00e9s sz\u00fcks\u00e9ges: a v\u00e9lem\u00e9nynyilv\u00e1n\u00edt\u00e1s szabads\u00e1g\u00e1hoz \u00e9s a t\u00e1j\u00e9koz\u00f3d\u00e1shoz val\u00f3 jog gyakorl\u00e1sa c\u00e9lj\u00e1b\u00f3l; a szem\u00e9lyes adatok kezel\u00e9s\u00e9t el\u0151\u00edr\u00f3, az adatkezel\u0151re alkalmazand\u00f3 uni\u00f3s vagy tag\u00e1llami jog szerinti k\u00f6telezetts\u00e9g teljes\u00edt\u00e9se, illetve k\u00f6z\u00e9rdekb\u0151l vagy az adatkezel\u0151re ruh\u00e1zott k\u00f6zhatalmi jogos\u00edtv\u00e1ny gyakorl\u00e1sa keret\u00e9ben v\u00e9gzett feladat v\u00e9grehajt\u00e1sa c\u00e9lj\u00e1b\u00f3l; a n\u00e9peg\u00e9szs\u00e9g-\u00fcgy ter\u00fclet\u00e9t \u00e9rint\u0151, vagy archiv\u00e1l\u00e1si, tudom\u00e1nyos \u00e9s t\u00f6rt\u00e9nelmi kutat\u00e1si c\u00e9lb\u00f3l vagy statisztikai c\u00e9lb\u00f3l, k\u00f6z\u00e9rdek alapj\u00e1n; vagy jogi ig\u00e9nyek el\u0151terjeszt\u00e9s\u00e9hez, \u00e9rv\u00e9nyes\u00edt\u00e9s\u00e9hez, illetve v\u00e9delm\u00e9hez.<\/p>\n\n\n\n<p>7.5&nbsp;&nbsp;&nbsp;&nbsp;&nbsp;&nbsp; Az adatkezel\u00e9s korl\u00e1toz\u00e1s\u00e1hoz val\u00f3 jog<\/p>\n\n\n\n<p>Az \u00e9rintett k\u00e9r\u00e9s\u00e9re <strong>Fazekas Csaba<\/strong> korl\u00e1tozza az adatkezel\u00e9st, ha az al\u00e1bbi felt\u00e9telek valamelyike teljes\u00fcl:<\/p>\n\n\n\n<p>&nbsp;&nbsp;&nbsp;&nbsp; &nbsp;&nbsp;&nbsp;&nbsp;&nbsp;az \u00e9rintett vitatja a szem\u00e9lyes adatok pontoss\u00e1g\u00e1t, ez esetben a korl\u00e1toz\u00e1s arra az id\u0151tartamra<\/p>\n\n\n\n<p>vonatkozik, amely lehet\u0151v\u00e9 teszi, a szem\u00e9lyes adatok pontoss\u00e1g\u00e1nak ellen\u0151rz\u00e9s\u00e9t;<\/p>\n\n\n\n<p>&nbsp;&nbsp; &nbsp;az adatkezel\u00e9s jogellenes, \u00e9s az \u00e9rintett ellenzi az adatok t\u00f6rl\u00e9s\u00e9t, \u00e9s ehelyett k\u00e9ri azok felhaszn\u00e1l\u00e1s\u00e1nak korl\u00e1toz\u00e1s\u00e1t;<\/p>\n\n\n\n<p>&nbsp;&nbsp; &nbsp;az adatkezel\u0151nek m\u00e1r nincs sz\u00fcks\u00e9ge a szem\u00e9lyes adatokra adatkezel\u00e9s c\u00e9lj\u00e1b\u00f3l, de az \u00e9rintett ig\u00e9nyli azokat jogi ig\u00e9nyek el\u0151terjeszt\u00e9s\u00e9hez, \u00e9rv\u00e9nyes\u00edt\u00e9s\u00e9hez vagy v\u00e9delm\u00e9hez; vagy<\/p>\n\n\n\n<p>&nbsp;&nbsp;&nbsp; &nbsp;az \u00e9rintett tiltakozott az adatkezel\u00e9s ellen; ez esetben a korl\u00e1toz\u00e1s arra az id\u0151tartamra vonatkozik, am\u00edg meg\u00e1llap\u00edt\u00e1sra nem ker\u00fcl, hogy az adatkezel\u0151 jogos indokai els\u0151bbs\u00e9get \u00e9lveznek-e az \u00e9rintett jogos indokaival szemben.<\/p>\n\n\n\n<p>Ha az adatkezel\u00e9s korl\u00e1toz\u00e1s al\u00e1 esik, a szem\u00e9lyes adatokat a t\u00e1rol\u00e1s kiv\u00e9tel\u00e9vel csak az \u00e9rintett hozz\u00e1j\u00e1rul\u00e1s\u00e1val, vagy jogi ig\u00e9nyek el\u0151terjeszt\u00e9s\u00e9hez, \u00e9rv\u00e9nyes\u00edt\u00e9s\u00e9hez vagy v\u00e9delm\u00e9hez, vagy m\u00e1s term\u00e9szetes vagy jogi szem\u00e9ly jogainak v\u00e9delme \u00e9rdek\u00e9ben, vagy az Uni\u00f3, illetve valamely tag\u00e1llam fontos k\u00f6z\u00e9rdek\u00e9b\u0151l lehet kezelni.<\/p>\n\n\n\n<p>7.6&nbsp;&nbsp;&nbsp;&nbsp;&nbsp;&nbsp; Adathordoz\u00e1shoz val\u00f3 jog<\/p>\n\n\n\n<p>Az \u00e9rintett jogosult arra, hogy a r\u00e1 vonatkoz\u00f3, \u00e1ltala az adatkezel\u0151 rendelkez\u00e9s\u00e9re bocs\u00e1tott szem\u00e9lyes adatokat tagolt, sz\u00e9les k\u00f6rben haszn\u00e1lt, g\u00e9ppel olvashat\u00f3 form\u00e1tumban megkapja, \u00e9s ezeket az adatokat egy m\u00e1sik adatkezel\u0151nek tov\u00e1bb\u00edtsa.<\/p>\n\n\n\n<p>7.7&nbsp;&nbsp;&nbsp;&nbsp;&nbsp;&nbsp; Tiltakoz\u00e1s joga<\/p>\n\n\n\n<p>Az \u00e9rintett jogosult arra, hogy a saj\u00e1t helyzet\u00e9vel kapcsolatos okokb\u00f3l b\u00e1rmikor tiltakozzon szem\u00e9lyes adatainak k\u00f6z\u00e9rdek\u0171 vagy az adatkezel\u0151re ruh\u00e1zott k\u00f6zhatalmi jogos\u00edtv\u00e1ny gyakorl\u00e1s\u00e1nak keret\u00e9ben v\u00e9gzett feladat v\u00e9grehajt\u00e1s\u00e1hoz sz\u00fcks\u00e9ges adatkezel\u00e9s, vagy az adatkezel\u0151 vagy egy harmadik f\u00e9l jogos \u00e9rdekeinek \u00e9rv\u00e9nyes\u00edt\u00e9s\u00e9hez sz\u00fcks\u00e9ges kezel\u00e9se ellen, ide\u00e9rtve az eml\u00edtett rendelkez\u00e9seken alapul\u00f3 profilalkot\u00e1st is. Tiltakoz\u00e1s eset\u00e9n az adatkezel\u0151 a szem\u00e9lyes adatokat nem kezelheti tov\u00e1bb, kiv\u00e9ve, ha azt olyan k\u00e9nyszer\u00edt\u0151 erej\u0171 jogos okok indokolj\u00e1k, amelyek els\u0151bbs\u00e9get \u00e9lveznek az \u00e9rintett \u00e9rdekeivel, jogaival \u00e9s szabads\u00e1gaival szemben, vagy amelyek jogi ig\u00e9nyek el\u0151terjeszt\u00e9s\u00e9hez, \u00e9rv\u00e9nyes\u00edt\u00e9s\u00e9hez vagy v\u00e9delm\u00e9hez kapcsol\u00f3dnak.<\/p>\n\n\n\n<p>&nbsp;<strong>Automatiz\u00e1lt d\u00f6nt\u00e9shozatal egyedi \u00fcgyekben,&nbsp;bele\u00e9rtve<\/strong>&nbsp;<strong>a profilalkot\u00e1st<\/strong><\/p>\n\n\n\n<p>Az \u00e9rintett jogosult arra, hogy ne terjedjen ki r\u00e1 az olyan, kiz\u00e1r\u00f3lag automatiz\u00e1lt adatkezel\u00e9sen \u2013 ide\u00e9rtve a profilalkot\u00e1st is \u2013 alapul\u00f3 d\u00f6nt\u00e9s hat\u00e1lya, amely r\u00e1 n\u00e9zve joghat\u00e1ssal j\u00e1rna vagy \u0151t hasonl\u00f3k\u00e9ppen jelent\u0151s m\u00e9rt\u00e9kben \u00e9rinten\u00e9.<\/p>\n\n\n\n<p>7.9&nbsp;&nbsp;&nbsp;&nbsp;&nbsp;&nbsp; Visszavon\u00e1s joga<\/p>\n\n\n\n<p>Az \u00e9rintett jogosult arra, hogy hozz\u00e1j\u00e1rul\u00e1s\u00e1t b\u00e1rmikor visszavonja.<\/p>\n\n\n\n<p>7.10&nbsp;&nbsp; B\u00edr\u00f3s\u00e1ghoz fordul\u00e1s joga<\/p>\n\n\n\n<p>Az \u00e9rintett a jogainak megs\u00e9rt\u00e9se eset\u00e9n az adatkezel\u0151 ellen b\u00edr\u00f3s\u00e1ghoz fordulhat. A b\u00edr\u00f3s\u00e1g az \u00fcgyben soron k\u00edv\u00fcl j\u00e1r el.<\/p>\n\n\n\n<p>7.11&nbsp;&nbsp; Adatv\u00e9delmi hat\u00f3s\u00e1gi elj\u00e1r\u00e1s<\/p>\n\n\n\n<p>Panasszal a Nemzeti Adatv\u00e9delmi \u00e9s Inform\u00e1ci\u00f3szabads\u00e1g Hat\u00f3s\u00e1gn\u00e1l lehet \u00e9lni: N\u00e9v: Nemzeti Adatv\u00e9delmi \u00e9s Inform\u00e1ci\u00f3szabads\u00e1g Hat\u00f3s\u00e1g<\/p>\n\n\n\n<p>Sz\u00e9khely: 1125 Budapest, Szil\u00e1gyi Erzs\u00e9bet fasor 22\/C. Levelez\u00e9si c\u00edm: 1530 Budapest, Pf.: 5.<\/p>\n\n\n\n<p>Telefon: 0613911400<\/p>\n\n\n\n<p>Fax: 0613911410<\/p>\n\n\n\n<p>E-mail:&nbsp;<a href=\"mailto:ugyfelszolgalat@naih.hu\"><strong>ugyfelszolgalat@naih.hu<\/strong><\/a>&nbsp;Honlap:&nbsp;<a href=\"http:\/\/www.naih.hu\/\"><strong>http:\/\/www.naih.hu<\/strong><\/a><\/p>\n\n\n\n<p>8.&nbsp; Egy\u00e9b rendelkez\u00e9sek<\/p>\n\n\n\n<p>E t\u00e1j\u00e9koztat\u00f3ban fel nem sorolt adatkezel\u00e9sekr\u0151l az adat felv\u00e9telekor adunk t\u00e1j\u00e9koztat\u00e1st.<\/p>\n\n\n\n<p>T\u00e1j\u00e9koztatjuk \u00fcgyfeleinket, hogy a b\u00edr\u00f3s\u00e1g, az \u00fcgy\u00e9sz, a nyomoz\u00f3 hat\u00f3s\u00e1g, a szab\u00e1lys\u00e9rt\u00e9si hat\u00f3s\u00e1g, a k\u00f6zigazgat\u00e1si hat\u00f3s\u00e1g, a Nemzeti Adatv\u00e9delmi \u00e9s Inform\u00e1ci\u00f3szabads\u00e1g Hat\u00f3s\u00e1g, a Magyar Nemzeti Bank, illet\u0151leg jogszab\u00e1ly felhatalmaz\u00e1sa alapj\u00e1n m\u00e1s szervek t\u00e1j\u00e9koztat\u00e1s ad\u00e1sa, adatok k\u00f6zl\u00e9se, \u00e1tad\u00e1sa, illet\u0151leg iratok rendelkez\u00e9sre bocs\u00e1t\u00e1sa v\u00e9gett megkereshetik az adatkezel\u0151t.<\/p>\n\n\n\n<p>Fazekas Csaba a hat\u00f3s\u00e1gok r\u00e9sz\u00e9re \u2013 amennyiben a hat\u00f3s\u00e1g a pontos c\u00e9lt \u00e9s az adatok k\u00f6r\u00e9t megjel\u00f6lte \u2013 szem\u00e9lyes adatot csak annyit \u00e9s olyan m\u00e9rt\u00e9kben ad ki, amely a megkeres\u00e9s c\u00e9lj\u00e1nak megval\u00f3s\u00edt\u00e1s\u00e1hoz elengedhetetlen\u00fcl sz\u00fcks\u00e9ges.<\/p>\n\n\n\n<hr class=\"wp-block-separator\"\/>\n\n\n\n<p><a><\/a><\/p>\n","protected":false},"excerpt":{"rendered":"<p>I. \u00c1LTAL\u00c1NOS RENDELKEZ\u00c9SEK Jelen adatkezel\u00e9si szab\u00e1lyzat (tov\u00e1bbiakban: a &#8220;Szab\u00e1lyzat&#8221;) c\u00e9lja, hogy teljes k\u00f6r\u0171en szab\u00e1lyozza, r\u00f6gz\u00edtse, hogy Lesk\u00f3 Andr\u00e1s L\u00e1szl\u00f3 E.V. valamennyi adatkezel\u00e9se sor\u00e1n az Eur\u00f3pai Uni\u00f3 k\u00f6zvetlen\u00fcl hat\u00e1lyos jogszab\u00e1lyai, \u00e9s a magyar adatv\u00e9delmi jogszab\u00e1lyok, \u00edgy k\u00fcl\u00f6n\u00f6sen az inform\u00e1ci\u00f3s \u00f6nrendelkez\u00e9si jogr\u00f3l \u00e9s az inform\u00e1ci\u00f3s szabads\u00e1gr\u00f3l sz\u00f3l\u00f3 2011. \u00e9vi CXII. t\u00f6rv\u00e9ny (a tov\u00e1bbiakban: Itv.) rendelkez\u00e9sei szerint j\u00e1r [&hellip;]<\/p>\n","protected":false},"author":1,"featured_media":0,"parent":0,"menu_order":0,"comment_status":"closed","ping_status":"closed","template":"","meta":{"footnotes":""},"class_list":["post-13655","page","type-page","status-publish","hentry"],"_links":{"self":[{"href":"https:\/\/shop.fatumnyiregyhaza.hu\/index.php?rest_route=\/wp\/v2\/pages\/13655","targetHints":{"allow":["GET"]}}],"collection":[{"href":"https:\/\/shop.fatumnyiregyhaza.hu\/index.php?rest_route=\/wp\/v2\/pages"}],"about":[{"href":"https:\/\/shop.fatumnyiregyhaza.hu\/index.php?rest_route=\/wp\/v2\/types\/page"}],"author":[{"embeddable":true,"href":"https:\/\/shop.fatumnyiregyhaza.hu\/index.php?rest_route=\/wp\/v2\/users\/1"}],"replies":[{"embeddable":true,"href":"https:\/\/shop.fatumnyiregyhaza.hu\/index.php?rest_route=%2Fwp%2Fv2%2Fcomments&post=13655"}],"version-history":[{"count":1,"href":"https:\/\/shop.fatumnyiregyhaza.hu\/index.php?rest_route=\/wp\/v2\/pages\/13655\/revisions"}],"predecessor-version":[{"id":13656,"href":"https:\/\/shop.fatumnyiregyhaza.hu\/index.php?rest_route=\/wp\/v2\/pages\/13655\/revisions\/13656"}],"wp:attachment":[{"href":"https:\/\/shop.fatumnyiregyhaza.hu\/index.php?rest_route=%2Fwp%2Fv2%2Fmedia&parent=13655"}],"curies":[{"name":"wp","href":"https:\/\/api.w.org\/{rel}","templated":true}]}}